{"id":1317,"date":"2025-10-14T10:40:56","date_gmt":"2025-10-14T08:40:56","guid":{"rendered":"https:\/\/almiramar.com\/emmagatzematge-sec-i-fred-industrial\/"},"modified":"2025-11-10T18:05:00","modified_gmt":"2025-11-10T17:05:00","slug":"emmagatzematge-sec-i-fred-industrial","status":"publish","type":"page","link":"https:\/\/almiramar.com\/ca\/emmagatzematge-sec-i-fred-industrial\/","title":{"rendered":"Emmagatzematge sec i fred industrial"},"content":{"rendered":"<p>[et_pb_section fb_built=&#8221;1&#8243; _builder_version=&#8221;4.27.4&#8243; _module_preset=&#8221;default&#8221; custom_padding=&#8221;0px||0px||false|false&#8221; locked=&#8221;off&#8221; global_colors_info=&#8221;{}&#8221;][et_pb_row column_structure=&#8221;1_2,1_2&#8243; use_custom_gutter=&#8221;on&#8221; make_equal=&#8221;on&#8221; _builder_version=&#8221;4.27.4&#8243; _module_preset=&#8221;default&#8221; background_enable_color=&#8221;off&#8221; parallax=&#8221;on&#8221; width=&#8221;95%&#8221; width_tablet=&#8221;90%&#8221; width_phone=&#8221;90%&#8221; width_last_edited=&#8221;on|tablet&#8221; max_width=&#8221;2560px&#8221; module_alignment=&#8221;right&#8221; min_height=&#8221;90vh&#8221; custom_padding=&#8221;0px||0px||false|false&#8221; module_alignment_tablet=&#8221;center&#8221; module_alignment_phone=&#8221;center&#8221; module_alignment_last_edited=&#8221;on|tablet&#8221; global_colors_info=&#8221;{}&#8221;][et_pb_column type=&#8221;1_2&#8243; _builder_version=&#8221;4.27.4&#8243; _module_preset=&#8221;default&#8221; custom_padding=&#8221;15vh||||false|false&#8221; custom_padding_tablet=&#8221;10vh||||false|false&#8221; custom_padding_phone=&#8221;10vh||||false|false&#8221; custom_padding_last_edited=&#8221;on|tablet&#8221; global_colors_info=&#8221;{}&#8221;][et_pb_text _builder_version=&#8221;4.27.4&#8243; _module_preset=&#8221;_initial&#8221; header_font_size=&#8221;5vh&#8221; custom_margin=&#8221;|5%|||false|false&#8221; header_font_size_tablet=&#8221;5vh&#8221; header_font_size_phone=&#8221;4vh&#8221; header_font_size_last_edited=&#8221;on|phone&#8221; text_orientation_tablet=&#8221;left&#8221; text_orientation_phone=&#8221;left&#8221; text_orientation_last_edited=&#8221;on|tablet&#8221; global_colors_info=&#8221;{}&#8221;]<\/p>\n<p>Serveis<\/p>\n<h1>Emmagatzematge sec i fred industrial<\/h1>\n<p>[\/et_pb_text][et_pb_text _builder_version=&#8221;4.27.4&#8243; _module_preset=&#8221;default&#8221; global_colors_info=&#8221;{}&#8221;]<\/p>\n<p><strong>Solucions d&#8217;emmagatzematge integral, tant en espais de magatzem sec com en instal\u00b7lacions de fred industrial.<\/strong><\/p>\n<p>El nostre <strong>emmagatzematge sec<\/strong> est\u00e0 orientat a productes no peribles o industrials que requereixen <strong>espais segurs, amplis i organitzats, amb control d&#8217;inventari i tra\u00e7abilitat digital.<\/strong> \u00c9s l&#8217;opci\u00f3 ideal per a empreses que necessiten custodiar, consolidar o distribuir mercaderies abans del seu transport nacional o internacional.<\/p>\n<p>D&#8217;altra banda, les nostres <strong>instal\u00b7lacions de fred industrial,<\/strong> amb m\u00e9s de 6.000 m\u00b2 de superf\u00edcie a Alcarr\u00e0s (Lleida), estan equipades amb cambres de fred positiu i negatiu que garanteixen les <strong>condicions \u00f2ptimes de conservaci\u00f3 per a productes alimentaris, farmac\u00e8utics o sensibles a la temperatura.<\/strong> Cada enviament es gestiona sota un estricte control t\u00e8rmic, de tra\u00e7abilitat i seguretat, assegurant que la cadena de fred es mantingui en tot moment.<\/p>\n<p>En ambd\u00f3s casos <strong>\u2014emmagatzematge sec o refrigerat\u2014<\/strong> apliquem els mateixos est\u00e0ndards de qualitat, gesti\u00f3 digital i atenci\u00f3 personalitzada que caracteritzen els nostres serveis log\u00edstics, oferint control total, m\u00e0xima seguretat i efici\u00e8ncia operativa en cada fase del proc\u00e9s.<\/p>\n<p>[\/et_pb_text][\/et_pb_column][et_pb_column type=&#8221;1_2&#8243; _builder_version=&#8221;4.27.4&#8243; _module_preset=&#8221;default&#8221; background_color=&#8221;#00FF29&#8243; use_background_color_gradient=&#8221;on&#8221; background_color_gradient_stops=&#8221;rgba(0,255,41,0.7) 0%|rgba(0,255,41,0.7) 100%&#8221; background_image=&#8221;https:\/\/almiramar.com\/wp-content\/uploads\/empresa-logistica-almacenaje-seco-frio-industrial.jpg&#8221; background_enable_video_mp4=&#8221;off&#8221; global_colors_info=&#8221;{}&#8221; background__hover_enabled=&#8221;off|hover&#8221; background_blend__hover=&#8221;multiply&#8221;][et_pb_divider show_divider=&#8221;off&#8221; _builder_version=&#8221;4.27.4&#8243; _module_preset=&#8221;default&#8221; height=&#8221;600px&#8221; global_colors_info=&#8221;{}&#8221;][\/et_pb_divider][\/et_pb_column][\/et_pb_row][\/et_pb_section][et_pb_section fb_built=&#8221;1&#8243; admin_label=&#8221;Project&#8221; _builder_version=&#8221;4.27.4&#8243; _module_preset=&#8221;default&#8221; background_color=&#8221;#F8F8F8&#8243; use_background_color_gradient=&#8221;on&#8221; background_color_gradient_stops=&#8221;#ffffff 0%|rgba(255,255,255,0) 50%|#ffffff 99%&#8221; background_color_gradient_overlays_image=&#8221;on&#8221; background_image=&#8221;https:\/\/almiramar.com\/wp-content\/uploads\/augmented-reality-background-01@2x.png&#8221; parallax=&#8221;on&#8221; locked=&#8221;off&#8221; collapsed=&#8221;on&#8221; global_colors_info=&#8221;{}&#8221;][et_pb_row _builder_version=&#8221;4.27.4&#8243; _module_preset=&#8221;default&#8221; width=&#8221;90%&#8221; width_tablet=&#8221;95%&#8221; width_phone=&#8221;95%&#8221; width_last_edited=&#8221;on|tablet&#8221; max_width=&#8221;2560px&#8221; module_alignment=&#8221;center&#8221; global_colors_info=&#8221;{}&#8221;][et_pb_column type=&#8221;4_4&#8243; _builder_version=&#8221;4.27.4&#8243; _module_preset=&#8221;default&#8221; global_colors_info=&#8221;{}&#8221;][et_pb_text _builder_version=&#8221;4.27.4&#8243; _module_preset=&#8221;_initial&#8221; header_2_font=&#8221;||||||||&#8221; header_2_font_size=&#8221;5vh&#8221; text_orientation=&#8221;center&#8221; header_2_font_size_tablet=&#8221;5vh&#8221; header_2_font_size_phone=&#8221;4vh&#8221; header_2_font_size_last_edited=&#8221;on|phone&#8221; text_orientation_tablet=&#8221;left&#8221; text_orientation_phone=&#8221;left&#8221; text_orientation_last_edited=&#8221;on|phone&#8221; locked=&#8221;off&#8221; global_colors_info=&#8221;{}&#8221;]<\/p>\n<p>Solucions adaptades a cada tipus de producte<\/p>\n<h2>Modalitats d&#8217;emmagatzematge sec i fred industrial<\/h2>\n<p>[\/et_pb_text][\/et_pb_column][\/et_pb_row][et_pb_row column_structure=&#8221;1_4,1_4,1_4,1_4&#8243; _builder_version=&#8221;4.27.4&#8243; _module_preset=&#8221;default&#8221; width=&#8221;90%&#8221; width_tablet=&#8221;95%&#8221; width_phone=&#8221;95%&#8221; width_last_edited=&#8221;on|tablet&#8221; max_width=&#8221;2560px&#8221; module_alignment=&#8221;center&#8221; global_colors_info=&#8221;{}&#8221;][et_pb_column type=&#8221;1_4&#8243; _builder_version=&#8221;4.27.4&#8243; _module_preset=&#8221;default&#8221; global_colors_info=&#8221;{}&#8221;][et_pb_blurb title=&#8221;Log\u00edstica integrada&#8221; use_icon=&#8221;on&#8221; font_icon=&#8221;&#xf2f6;||fa||900&#8243; icon_color=&#8221;#000000&#8243; image_icon_width=&#8221;3em&#8221; content_max_width=&#8221;1100px&#8221; _builder_version=&#8221;4.27.4&#8243; _module_preset=&#8221;default&#8221; header_level=&#8221;h3&#8243; header_font=&#8221;|300||on|||||&#8221; header_text_color=&#8221;#000000&#8243; header_font_size=&#8221;3vh&#8221; text_orientation=&#8221;center&#8221; global_colors_info=&#8221;{}&#8221;]<\/p>\n<p>Zones de preparaci\u00f3 de comandes i consolidaci\u00f3 de c\u00e0rrega, per a operacions log\u00edstiques integrades.<\/p>\n<p>[\/et_pb_blurb][\/et_pb_column][et_pb_column type=&#8221;1_4&#8243; _builder_version=&#8221;4.27.4&#8243; _module_preset=&#8221;default&#8221; global_colors_info=&#8221;{}&#8221;][et_pb_blurb title=&#8221;Fred +\/-&#8221; use_icon=&#8221;on&#8221; font_icon=&#8221;&#xf2dc;||fa||400&#8243; icon_color=&#8221;#000000&#8243; image_icon_width=&#8221;3em&#8221; content_max_width=&#8221;1100px&#8221; _builder_version=&#8221;4.27.4&#8243; _module_preset=&#8221;default&#8221; header_level=&#8221;h3&#8243; header_font=&#8221;|300||on|||||&#8221; header_text_color=&#8221;#000000&#8243; header_font_size=&#8221;3vh&#8221; text_orientation=&#8221;center&#8221; global_colors_info=&#8221;{}&#8221;]<\/p>\n<p>Fred positiu i negatiu, amb control t\u00e8rmic continu.<\/p>\n<p>[\/et_pb_blurb][\/et_pb_column][et_pb_column type=&#8221;1_4&#8243; _builder_version=&#8221;4.27.4&#8243; _module_preset=&#8221;default&#8221; global_colors_info=&#8221;{}&#8221;][et_pb_blurb title=&#8221;Temporal o a llarg termini&#8221; use_icon=&#8221;on&#8221; font_icon=&#8221;&#xe60d;||divi||400&#8243; icon_color=&#8221;#000000&#8243; image_icon_width=&#8221;3em&#8221; content_max_width=&#8221;1100px&#8221; _builder_version=&#8221;4.27.4&#8243; _module_preset=&#8221;default&#8221; header_level=&#8221;h3&#8243; header_font=&#8221;|300||on|||||&#8221; header_text_color=&#8221;#000000&#8243; header_font_size=&#8221;3vh&#8221; text_orientation=&#8221;center&#8221; global_colors_info=&#8221;{}&#8221;]<\/p>\n<p>Segons les necessitats de producci\u00f3 o estacionalitat.<\/p>\n<p>[\/et_pb_blurb][\/et_pb_column][et_pb_column type=&#8221;1_4&#8243; _builder_version=&#8221;4.27.4&#8243; _module_preset=&#8221;default&#8221; global_colors_info=&#8221;{}&#8221;][et_pb_blurb title=&#8221;Gesti\u00f3 digital&#8221; use_icon=&#8221;on&#8221; font_icon=&#8221;&#xe007;||divi||400&#8243; icon_color=&#8221;#000000&#8243; image_icon_width=&#8221;3em&#8221; content_max_width=&#8221;1100px&#8221; _builder_version=&#8221;4.27.4&#8243; _module_preset=&#8221;default&#8221; header_level=&#8221;h3&#8243; header_font=&#8221;|300||on|||||&#8221; header_text_color=&#8221;#000000&#8243; header_font_size=&#8221;3vh&#8221; text_orientation=&#8221;center&#8221; global_colors_info=&#8221;{}&#8221;]<\/p>\n<p>Gesti\u00f3 digital d&#8217;entrades, sortides i tra\u00e7abilitat mitjan\u00e7ant sistemes ERP i WMS.<\/p>\n<p>[\/et_pb_blurb][\/et_pb_column][\/et_pb_row][\/et_pb_section][et_pb_section fb_built=&#8221;1&#8243; _builder_version=&#8221;4.27.4&#8243; _module_preset=&#8221;default&#8221; min_height=&#8221;100vh&#8221; custom_padding=&#8221;0px||0px||false|false&#8221; global_colors_info=&#8221;{}&#8221;][et_pb_row column_structure=&#8221;1_2,1_2&#8243; use_custom_gutter=&#8221;on&#8221; make_equal=&#8221;on&#8221; _builder_version=&#8221;4.27.4&#8243; _module_preset=&#8221;default&#8221; width=&#8221;95%&#8221; width_tablet=&#8221;90%&#8221; width_phone=&#8221;90%&#8221; width_last_edited=&#8221;on|tablet&#8221; max_width=&#8221;2560px&#8221; module_alignment=&#8221;left&#8221; min_height=&#8221;100vh&#8221; custom_padding=&#8221;0px||0px||false|false&#8221; module_alignment_tablet=&#8221;center&#8221; module_alignment_phone=&#8221;center&#8221; module_alignment_last_edited=&#8221;on|tablet&#8221; global_colors_info=&#8221;{}&#8221;][et_pb_column type=&#8221;1_2&#8243; _builder_version=&#8221;4.27.4&#8243; _module_preset=&#8221;default&#8221; background_color=&#8221;RGBA(0,255,41,0.7)&#8221; use_background_color_gradient=&#8221;on&#8221; background_color_gradient_stops=&#8221;rgba(0,255,41,0.7) 0%|rgba(0,255,41,0.7) 100%&#8221; background_image=&#8221;https:\/\/almiramar.com\/wp-content\/uploads\/empresa-logistica-almacenaje-frio-frio-industrial.jpg&#8221; parallax=&#8221;on&#8221; global_colors_info=&#8221;{}&#8221; background__hover_enabled=&#8221;off|hover&#8221; background_blend__hover=&#8221;multiply&#8221;][et_pb_divider show_divider=&#8221;off&#8221; _builder_version=&#8221;4.27.4&#8243; _module_preset=&#8221;default&#8221; height=&#8221;600px&#8221; global_colors_info=&#8221;{}&#8221;][\/et_pb_divider][\/et_pb_column][et_pb_column type=&#8221;1_2&#8243; _builder_version=&#8221;4.27.4&#8243; _module_preset=&#8221;default&#8221; custom_padding=&#8221;100px||100px||true|false&#8221; global_colors_info=&#8221;{}&#8221;][et_pb_text _builder_version=&#8221;4.27.4&#8243; _module_preset=&#8221;_initial&#8221; header_2_font_size=&#8221;5vh&#8221; header_3_font_size=&#8221;5vh&#8221; custom_margin=&#8221;|5%|||false|false&#8221; header_2_font_size_tablet=&#8221;5vh&#8221; header_2_font_size_phone=&#8221;4vh&#8221; header_2_font_size_last_edited=&#8221;on|phone&#8221; header_3_font_size_tablet=&#8221;5vh&#8221; header_3_font_size_phone=&#8221;4vh&#8221; header_3_font_size_last_edited=&#8221;on|phone&#8221; text_orientation_tablet=&#8221;left&#8221; text_orientation_phone=&#8221;left&#8221; text_orientation_last_edited=&#8221;on|tablet&#8221; global_colors_info=&#8221;{}&#8221;]<\/p>\n<p>Per qu\u00e8 triar Almiramar?<\/p>\n<h2>Integraci\u00f3 total de l&#8217;emmagatzematge sec i fred industrial amb el transport<\/h2>\n<p>[\/et_pb_text][et_pb_text _builder_version=&#8221;4.27.4&#8243; _module_preset=&#8221;default&#8221; global_colors_info=&#8221;{}&#8221;]<\/p>\n<p><strong>A Almiramar, el nostre servei d&#8217;emmagatzematge va molt m\u00e9s enll\u00e0 de guardar mercaderies.<\/strong><\/p>\n<p>Integrem tant l&#8217;emmagatzematge sec com l&#8217;emmagatzematge amb fred industrial dins d&#8217;una <strong>cadena log\u00edstica completa,<\/strong> connectada directament amb les nostres operacions de transport nacional, internacional i grupatges diaris.<\/p>\n<p>Les nostres cambres de fred industrial estan dissenyades per integrar-se amb <strong>serveis de transport refrigerat i c\u00e0rregues completes (FTL),<\/strong> oferint continu\u00eftat i control total de la cadena de fred.<\/p>\n<p>Aquesta integraci\u00f3 ens permet coordinar temps, rutes i moviments de forma precisa, reduint esperes i manipulacions innecess\u00e0ries. Aix\u00ed, cada client <strong>obt\u00e9 un flux log\u00edstic m\u00e9s \u00e0gil, eficient i rendible,<\/strong> amb una tra\u00e7abilitat total des de la recepci\u00f3 del producte fins al seu lliurament final.<\/p>\n<p>En resum, <strong>un \u00fanic operador, una gesti\u00f3 unificada i la m\u00e0xima garantia de control<\/strong> en tota la cadena de subministrament.<\/p>\n<p>[\/et_pb_text][\/et_pb_column][\/et_pb_row][\/et_pb_section][et_pb_section fb_built=&#8221;1&#8243; admin_label=&#8221;Project&#8221; _builder_version=&#8221;4.27.4&#8243; _module_preset=&#8221;default&#8221; locked=&#8221;off&#8221; collapsed=&#8221;on&#8221; global_colors_info=&#8221;{}&#8221;][et_pb_row _builder_version=&#8221;4.27.4&#8243; _module_preset=&#8221;default&#8221; background_color=&#8221;#F8F8F8&#8243; background_image=&#8221;https:\/\/almiramar.com\/wp-content\/uploads\/augmented-reality-illustration-test.png&#8221; background_size=&#8221;initial&#8221; background_position=&#8221;top_center&#8221; width=&#8221;90%&#8221; max_width=&#8221;2560px&#8221; border_radii=&#8221;off|20px|20px|20px|20px&#8221; border_width_all=&#8221;1px&#8221; border_color_all=&#8221;#F5F5F5&#8243; box_shadow_style=&#8221;preset3&#8243; box_shadow_color=&#8221;rgba(0,0,0,0.2)&#8221; locked=&#8221;off&#8221; global_colors_info=&#8221;{}&#8221;][et_pb_column type=&#8221;4_4&#8243; disabled_on=&#8221;off|off|off&#8221; _builder_version=&#8221;4.27.4&#8243; _module_preset=&#8221;default&#8221; custom_padding=&#8221;50px|4%|0px|4%|false|true&#8221; custom_padding_tablet=&#8221;|20px||20px|false|true&#8221; custom_padding_phone=&#8221;50px|20px|0px|20px|false|true&#8221; custom_padding_last_edited=&#8221;on|phone&#8221; global_colors_info=&#8221;{}&#8221;][et_pb_text _builder_version=&#8221;4.27.4&#8243; _module_preset=&#8221;_initial&#8221; text_letter_spacing=&#8221;1px&#8221; header_2_font_size=&#8221;4vh&#8221; custom_margin=&#8221;|5%|||false|false&#8221; header_2_font_size_tablet=&#8221;&#8221; header_2_font_size_phone=&#8221;4vh&#8221; header_2_font_size_last_edited=&#8221;on|phone&#8221; text_orientation_tablet=&#8221;left&#8221; text_orientation_phone=&#8221;left&#8221; text_orientation_last_edited=&#8221;on|tablet&#8221; locked=&#8221;off&#8221; global_colors_info=&#8221;{}&#8221;]<\/p>\n<p>CONTROL I SEGURETAT EN TOTES LES FASES DEL SERVEI<\/p>\n<p>[\/et_pb_text][et_pb_text _builder_version=&#8221;4.27.4&#8243; _module_preset=&#8221;_initial&#8221; text_text_color=&#8221;#666666&#8243; header_2_font_size=&#8221;4vh&#8221; custom_margin=&#8221;|5%|||false|false&#8221; header_2_font_size_tablet=&#8221;&#8221; header_2_font_size_phone=&#8221;4vh&#8221; header_2_font_size_last_edited=&#8221;on|phone&#8221; text_orientation_tablet=&#8221;left&#8221; text_orientation_phone=&#8221;left&#8221; text_orientation_last_edited=&#8221;on|tablet&#8221; locked=&#8221;off&#8221; global_colors_info=&#8221;{}&#8221;]<\/p>\n<h2>Confieu la vostra mercaderia a un operador log\u00edstic integral<\/h2>\n<p>[\/et_pb_text][et_pb_text _builder_version=&#8221;4.27.4&#8243; _module_preset=&#8221;_initial&#8221; header_2_font=&#8221;&#8211;et_global_body_font|700|||||||&#8221; header_2_text_color=&#8221;#00FF29&#8243; header_2_font_size=&#8221;1.2em&#8221; global_colors_info=&#8221;{}&#8221;]<\/p>\n<p>Emmagatzemem, conservem i gestionem els vostres productes amb el mateix comprom\u00eds amb qu\u00e8 els transportem: <strong>seguretat, puntualitat i control.<\/strong><\/p>\n<p>[\/et_pb_text][et_pb_blurb icon_placement=&#8221;left&#8221; admin_label=&#8221;Anuncio&#8221; _builder_version=&#8221;4.27.4&#8243; _module_preset=&#8221;default&#8221; header_font_size=&#8221;2vh&#8221; body_text_align=&#8221;center&#8221; background_color=&#8221;#FFFFFF&#8221; width=&#8221;30%&#8221; custom_margin=&#8221;|20px|||false|false&#8221; custom_padding=&#8221;20px||15px||false|false&#8221; header_font_size_last_edited=&#8221;off|desktop&#8221; custom_css_main_element=&#8221;float: left;&#8221; border_radii=&#8221;on|20px|20px|20px|20px&#8221; border_width_all=&#8221;1px&#8221; border_color_all=&#8221;#00FF29&#8243; locked=&#8221;off&#8221; global_colors_info=&#8221;{}&#8221; custom_css_main_element_last_edited=&#8221;on|tablet&#8221; custom_css_main_element_tablet=&#8221;float: none;&#8221; custom_css_main_element_phone=&#8221;float: none;&#8221;]<\/p>\n<p>Cadena del fred 100% securitzada<\/p>\n<p>[\/et_pb_blurb][et_pb_blurb icon_placement=&#8221;left&#8221; admin_label=&#8221;Anuncio&#8221; _builder_version=&#8221;4.27.4&#8243; _module_preset=&#8221;default&#8221; header_font_size=&#8221;2vh&#8221; body_text_align=&#8221;center&#8221; background_color=&#8221;#FFFFFF&#8221; width=&#8221;30%&#8221; custom_margin=&#8221;|20px|||false|false&#8221; custom_padding=&#8221;20px||15px||false|false&#8221; header_font_size_last_edited=&#8221;off|desktop&#8221; custom_css_main_element=&#8221;float: left;&#8221; border_radii=&#8221;on|20px|20px|20px|20px&#8221; border_width_all=&#8221;1px&#8221; border_color_all=&#8221;#00FF29&#8243; locked=&#8221;off&#8221; global_colors_info=&#8221;{}&#8221; custom_css_main_element_last_edited=&#8221;on|tablet&#8221; custom_css_main_element_tablet=&#8221;float: none;&#8221; custom_css_main_element_phone=&#8221;float: none;&#8221;]<\/p>\n<p>6.000 <span>m\u00b2<\/span> d&#8217;emmagatzematge<\/p>\n<p>[\/et_pb_blurb][et_pb_blurb icon_placement=&#8221;left&#8221; _builder_version=&#8221;4.27.4&#8243; _module_preset=&#8221;default&#8221; header_font_size=&#8221;2vh&#8221; body_text_align=&#8221;center&#8221; background_color=&#8221;#FFFFFF&#8221; width=&#8221;30%&#8221; custom_margin=&#8221;|20px|||false|false&#8221; custom_padding=&#8221;20px||15px||false|false&#8221; header_font_size_last_edited=&#8221;off|desktop&#8221; custom_css_main_element=&#8221;float: left;&#8221; border_radii=&#8221;on|20px|20px|20px|20px&#8221; border_width_all=&#8221;1px&#8221; border_color_all=&#8221;#00FF29&#8243; locked=&#8221;off&#8221; global_colors_info=&#8221;{}&#8221; custom_css_main_element_last_edited=&#8221;on|tablet&#8221; custom_css_main_element_tablet=&#8221;float: none;&#8221; custom_css_main_element_phone=&#8221;float: none;&#8221;]<\/p>\n<p>Cust\u00f2dia i tra\u00e7abilitat en tot moment<\/p>\n<p>[\/et_pb_blurb][et_pb_button button_url=&#8221;#contacto&#8221; button_text=&#8221;Sol\u00b7liciteu el vostre pressupost sense comprom\u00eds&#8221; button_alignment=&#8221;center&#8221; _builder_version=&#8221;4.27.4&#8243; _module_preset=&#8221;default&#8221; global_colors_info=&#8221;{}&#8221;][\/et_pb_button][\/et_pb_column][\/et_pb_row][\/et_pb_section]<\/p>\n","protected":false},"excerpt":{"rendered":"<p>Serveis Emmagatzematge sec i fred industrialSolucions d&#8217;emmagatzematge integral, tant en espais de magatzem sec com en instal\u00b7lacions de fred industrial. El nostre emmagatzematge sec est\u00e0 orientat a productes no peribles o industrials que requereixen espais segurs, amplis i organitzats, amb control d&#8217;inventari i tra\u00e7abilitat digital. \u00c9s l&#8217;opci\u00f3 ideal per a empreses que necessiten custodiar, consolidar [&hellip;]<\/p>\n","protected":false},"author":2,"featured_media":0,"parent":0,"menu_order":0,"comment_status":"closed","ping_status":"closed","template":"","meta":{"_et_pb_use_builder":"on","_et_pb_old_content":"","_et_gb_content_width":"","footnotes":""},"class_list":["post-1317","page","type-page","status-publish","hentry"],"_links":{"self":[{"href":"https:\/\/almiramar.com\/ca\/wp-json\/wp\/v2\/pages\/1317","targetHints":{"allow":["GET"]}}],"collection":[{"href":"https:\/\/almiramar.com\/ca\/wp-json\/wp\/v2\/pages"}],"about":[{"href":"https:\/\/almiramar.com\/ca\/wp-json\/wp\/v2\/types\/page"}],"author":[{"embeddable":true,"href":"https:\/\/almiramar.com\/ca\/wp-json\/wp\/v2\/users\/2"}],"replies":[{"embeddable":true,"href":"https:\/\/almiramar.com\/ca\/wp-json\/wp\/v2\/comments?post=1317"}],"version-history":[{"count":1,"href":"https:\/\/almiramar.com\/ca\/wp-json\/wp\/v2\/pages\/1317\/revisions"}],"predecessor-version":[{"id":1320,"href":"https:\/\/almiramar.com\/ca\/wp-json\/wp\/v2\/pages\/1317\/revisions\/1320"}],"wp:attachment":[{"href":"https:\/\/almiramar.com\/ca\/wp-json\/wp\/v2\/media?parent=1317"}],"curies":[{"name":"wp","href":"https:\/\/api.w.org\/{rel}","templated":true}]}}