{"id":1383,"date":"2025-10-03T09:00:32","date_gmt":"2025-10-03T07:00:32","guid":{"rendered":"https:\/\/almiramar.com\/almiramar-operador-logistic-a-lleida\/"},"modified":"2025-11-10T18:06:43","modified_gmt":"2025-11-10T17:06:43","slug":"almiramar-operador-logistic-a-lleida","status":"publish","type":"page","link":"https:\/\/almiramar.com\/ca\/almiramar-operador-logistic-a-lleida\/","title":{"rendered":"Almiramar, operador log\u00edstic a Lleida"},"content":{"rendered":"<p>[et_pb_section fb_built=&#8221;1&#8243; _builder_version=&#8221;4.27.4&#8243; _module_preset=&#8221;default&#8221; custom_padding=&#8221;0px||0px||false|false&#8221; locked=&#8221;off&#8221; global_colors_info=&#8221;{}&#8221;][et_pb_row column_structure=&#8221;1_2,1_2&#8243; use_custom_gutter=&#8221;on&#8221; make_equal=&#8221;on&#8221; _builder_version=&#8221;4.27.4&#8243; _module_preset=&#8221;default&#8221; background_enable_color=&#8221;off&#8221; parallax=&#8221;on&#8221; width=&#8221;95%&#8221; width_tablet=&#8221;90%&#8221; width_phone=&#8221;90%&#8221; width_last_edited=&#8221;on|tablet&#8221; max_width=&#8221;2560px&#8221; module_alignment=&#8221;right&#8221; min_height=&#8221;90vh&#8221; custom_padding=&#8221;0px||0px||false|false&#8221; module_alignment_tablet=&#8221;center&#8221; module_alignment_phone=&#8221;center&#8221; module_alignment_last_edited=&#8221;on|tablet&#8221; global_colors_info=&#8221;{}&#8221;][et_pb_column type=&#8221;1_2&#8243; _builder_version=&#8221;4.27.4&#8243; _module_preset=&#8221;default&#8221; custom_padding=&#8221;15vh||||false|false&#8221; custom_padding_tablet=&#8221;10vh||||false|false&#8221; custom_padding_phone=&#8221;10vh||||false|false&#8221; custom_padding_last_edited=&#8221;on|tablet&#8221; global_colors_info=&#8221;{}&#8221;][et_pb_text _builder_version=&#8221;4.27.4&#8243; _module_preset=&#8221;_initial&#8221; header_font_size=&#8221;5vh&#8221; custom_margin=&#8221;|5%|||false|false&#8221; header_font_size_tablet=&#8221;5vh&#8221; header_font_size_phone=&#8221;4vh&#8221; header_font_size_last_edited=&#8221;on|phone&#8221; text_orientation_tablet=&#8221;left&#8221; text_orientation_phone=&#8221;left&#8221; text_orientation_last_edited=&#8221;on|tablet&#8221; global_colors_info=&#8221;{}&#8221;]<\/p>\n<p>El nostre equip<\/p>\n<h1>Almiramar, operador log\u00edstic a Lleida<\/h1>\n<p>[\/et_pb_text][et_pb_text _builder_version=&#8221;4.27.4&#8243; _module_preset=&#8221;default&#8221; global_colors_info=&#8221;{}&#8221;]<\/p>\n<p><strong>Operador log\u00edstic integral amb m\u00e9s de tres d\u00e8cades de traject\u00f2ria en el sector del transport i la log\u00edstica.<\/strong><\/p>\n<p>Des d&#8217;Alcarr\u00e0s (Lleida), hem evolucionat des d&#8217;una empresa de transport tradicional fins a convertir-nos en un aliat estrat\u00e8gic per a empreses que necessiten <strong>solucions de transport nacional i internacional,<\/strong> aix\u00ed com serveis especialitzats de <strong>transport multimodal, grupajes diarios y almacenaje seco y fr\u00edo industrial.<\/strong><strong><\/strong><\/p>\n<p>Operem amb flota pr\u00f2pia especialitzada en transport refrigerat i <strong>c\u00e0rregues completes (FTL)<\/strong> per tot Europa.<\/p>\n<p>El nostre objectiu sempre ha estat el mateix: <strong>garantir seguretat, puntualitat i efici\u00e8ncia<\/strong> en cada enviament, oferint un servei proper i adaptat a les necessitats de cada client.<\/p>\n<p>[\/et_pb_text][\/et_pb_column][et_pb_column type=&#8221;1_2&#8243; _builder_version=&#8221;4.27.4&#8243; _module_preset=&#8221;default&#8221; background_color=&#8221;#00FF29&#8243; use_background_color_gradient=&#8221;on&#8221; background_color_gradient_stops=&#8221;rgba(0,255,41,0.7) 0%|rgba(0,255,41,0.7) 99%&#8221; background_color_gradient_overlays_image=&#8221;on&#8221; background_enable_image=&#8221;off&#8221; parallax=&#8221;on&#8221; background_blend=&#8221;multiply&#8221; background_video_mp4=&#8221;https:\/\/almiramar.com\/wp-content\/uploads\/almiramar-agencia-transportes.mp4&#8243; global_colors_info=&#8221;{}&#8221; background__hover_enabled=&#8221;off|hover&#8221; background_blend__hover=&#8221;multiply&#8221;][et_pb_divider show_divider=&#8221;off&#8221; _builder_version=&#8221;4.27.4&#8243; _module_preset=&#8221;default&#8221; height=&#8221;600px&#8221; global_colors_info=&#8221;{}&#8221;][\/et_pb_divider][\/et_pb_column][\/et_pb_row][\/et_pb_section][et_pb_section fb_built=&#8221;1&#8243; _builder_version=&#8221;4.27.4&#8243; _module_preset=&#8221;default&#8221; min_height=&#8221;100vh&#8221; custom_padding=&#8221;0px||0px||false|false&#8221; locked=&#8221;off&#8221; global_colors_info=&#8221;{}&#8221;][et_pb_row column_structure=&#8221;1_2,1_2&#8243; use_custom_gutter=&#8221;on&#8221; make_equal=&#8221;on&#8221; _builder_version=&#8221;4.27.4&#8243; _module_preset=&#8221;default&#8221; width=&#8221;95%&#8221; width_tablet=&#8221;90%&#8221; width_phone=&#8221;90%&#8221; width_last_edited=&#8221;on|tablet&#8221; max_width=&#8221;2560px&#8221; module_alignment=&#8221;left&#8221; min_height=&#8221;100vh&#8221; custom_padding=&#8221;0px||0px||false|false&#8221; module_alignment_tablet=&#8221;center&#8221; module_alignment_phone=&#8221;center&#8221; module_alignment_last_edited=&#8221;on|tablet&#8221; global_colors_info=&#8221;{}&#8221;][et_pb_column type=&#8221;1_2&#8243; _builder_version=&#8221;4.27.4&#8243; _module_preset=&#8221;default&#8221; background_color=&#8221;RGBA(0,255,41,0.7)&#8221; use_background_color_gradient=&#8221;on&#8221; background_color_gradient_stops=&#8221;rgba(0,255,41,0.7) 0%|rgba(0,255,41,0.7) 100%&#8221; background_image=&#8221;https:\/\/almiramar.com\/wp-content\/uploads\/empresa-transporte-frio-industrial-02.jpg&#8221; background_position=&#8221;center_left&#8221; background_horizontal_offset=&#8221;9%&#8221; global_colors_info=&#8221;{}&#8221; background__hover_enabled=&#8221;off|hover&#8221; background_blend__hover=&#8221;multiply&#8221;][et_pb_divider show_divider=&#8221;off&#8221; _builder_version=&#8221;4.27.4&#8243; _module_preset=&#8221;default&#8221; height=&#8221;600px&#8221; global_colors_info=&#8221;{}&#8221;][\/et_pb_divider][\/et_pb_column][et_pb_column type=&#8221;1_2&#8243; _builder_version=&#8221;4.27.4&#8243; _module_preset=&#8221;default&#8221; custom_padding=&#8221;100px||100px||true|false&#8221; global_colors_info=&#8221;{}&#8221;][et_pb_text _builder_version=&#8221;4.27.4&#8243; _module_preset=&#8221;_initial&#8221; header_2_font_size=&#8221;5vh&#8221; custom_margin=&#8221;|5%|||false|false&#8221; header_2_font_size_tablet=&#8221;5vh&#8221; header_2_font_size_phone=&#8221;4vh&#8221; header_2_font_size_last_edited=&#8221;on|phone&#8221; text_orientation_tablet=&#8221;left&#8221; text_orientation_phone=&#8221;left&#8221; text_orientation_last_edited=&#8221;on|tablet&#8221; locked=&#8221;off&#8221; global_colors_info=&#8221;{}&#8221;]<\/p>\n<p>Com som?<\/p>\n<h2>Infraestructura i flota moderna<\/h2>\n<p>[\/et_pb_text][et_pb_text _builder_version=&#8221;4.27.4&#8243; _module_preset=&#8221;default&#8221; global_colors_info=&#8221;{}&#8221;]<\/p>\n<p>Tractem cada enviament amb precisi\u00f3. Operem amb tra\u00e7abilitat real, comunicaci\u00f3 directa i processos documentals \u00e0gils per mantenir la puntualitat i la qualitat del servei.<\/p>\n<p>[\/et_pb_text][et_pb_blurb title=&#8221;Instal\u00b7lacions log\u00edstiques de +6.000m\u00b2&#8221; use_icon=&#8221;on&#8221; font_icon=&#8221;&#xf058;||fa||400&#8243; icon_placement=&#8221;left&#8221; content_max_width=&#8221;1100px&#8221; _builder_version=&#8221;4.27.4&#8243; _module_preset=&#8221;default&#8221; header_level=&#8221;h3&#8243; header_font_size=&#8221;3vh&#8221; custom_margin=&#8221;50px||||false|false&#8221; custom_margin_tablet=&#8221;0px||||false|false&#8221; custom_margin_phone=&#8221;0px||||false|false&#8221; custom_margin_last_edited=&#8221;on|tablet&#8221; header_font_size_last_edited=&#8221;off|desktop&#8221; global_colors_info=&#8221;{}&#8221;]<\/p>\n<p>Equipades amb c\u00e0meres de fred positiu i negatiu, perfectes per a productes peribles i sensibles.<\/p>\n<p>[\/et_pb_blurb][et_pb_blurb title=&#8221;Flota pr\u00f2pia d&#039;\u00faltima generaci\u00f3&#8221; use_icon=&#8221;on&#8221; font_icon=&#8221;&#xf058;||fa||400&#8243; icon_placement=&#8221;left&#8221; content_max_width=&#8221;1100px&#8221; _builder_version=&#8221;4.27.4&#8243; _module_preset=&#8221;default&#8221; header_level=&#8221;h3&#8243; header_font_size=&#8221;3vh&#8221; global_colors_info=&#8221;{}&#8221;]<\/p>\n<p>Equipada amb GPS i sistemes de control de temperatura en continu.<\/p>\n<p>[\/et_pb_blurb][et_pb_blurb title=&#8221;Equip operatiu especialitzat&#8221; use_icon=&#8221;on&#8221; font_icon=&#8221;&#xf058;||fa||400&#8243; icon_placement=&#8221;left&#8221; content_max_width=&#8221;1100px&#8221; _builder_version=&#8221;4.27.4&#8243; _module_preset=&#8221;default&#8221; header_level=&#8221;h3&#8243; header_font_size=&#8221;3vh&#8221; global_colors_info=&#8221;{}&#8221;]<\/p>\n<p>Disponible 24\/7 per donar suport a cada fase de la cadena log\u00edstica.<\/p>\n<p>[\/et_pb_blurb][et_pb_button button_url=&#8221;#contacto&#8221; button_text=&#8221;Expliqueu-nos el vostre projecte&#8221; button_alignment=&#8221;left&#8221; _builder_version=&#8221;4.27.4&#8243; _module_preset=&#8221;default&#8221; locked=&#8221;off&#8221; global_colors_info=&#8221;{}&#8221;][\/et_pb_button][\/et_pb_column][\/et_pb_row][\/et_pb_section][et_pb_section fb_built=&#8221;1&#8243; _builder_version=&#8221;4.27.4&#8243; _module_preset=&#8221;default&#8221; custom_padding=&#8221;||0px||false|false&#8221; global_colors_info=&#8221;{}&#8221;][et_pb_row column_structure=&#8221;1_4,1_4,1_4,1_4&#8243; _builder_version=&#8221;4.27.4&#8243; _module_preset=&#8221;default&#8221; width=&#8221;90%&#8221; width_tablet=&#8221;95%&#8221; width_phone=&#8221;95%&#8221; width_last_edited=&#8221;on|tablet&#8221; max_width=&#8221;2560px&#8221; module_alignment=&#8221;center&#8221; custom_padding=&#8221;||0px||false|false&#8221; global_colors_info=&#8221;{}&#8221;][et_pb_column type=&#8221;1_4&#8243; _builder_version=&#8221;4.27.4&#8243; _module_preset=&#8221;default&#8221; global_colors_info=&#8221;{}&#8221;][et_pb_blurb title=&#8221;Qualitat&#8221; use_icon=&#8221;on&#8221; font_icon=&#8221;&#xe031;||divi||400&#8243; icon_color=&#8221;#000000&#8243; image_icon_width=&#8221;3em&#8221; content_max_width=&#8221;1100px&#8221; _builder_version=&#8221;4.27.4&#8243; _module_preset=&#8221;default&#8221; header_font=&#8221;|300||on|||||&#8221; header_text_color=&#8221;#000000&#8243; header_font_size=&#8221;3vh&#8221; text_orientation=&#8221;center&#8221; global_colors_info=&#8221;{}&#8221;]<\/p>\n<p>Cada c\u00e0rrega \u00e9s tractada amb la m\u00e0xima atenci\u00f3 i professionalitat.<\/p>\n<p>[\/et_pb_blurb][\/et_pb_column][et_pb_column type=&#8221;1_4&#8243; _builder_version=&#8221;4.27.4&#8243; _module_preset=&#8221;default&#8221; global_colors_info=&#8221;{}&#8221;][et_pb_blurb title=&#8221;Comprom\u00eds&#8221; use_icon=&#8221;on&#8221; font_icon=&#8221;&#xe01e;||divi||400&#8243; icon_color=&#8221;#000000&#8243; image_icon_width=&#8221;3em&#8221; content_max_width=&#8221;1100px&#8221; _builder_version=&#8221;4.27.4&#8243; _module_preset=&#8221;default&#8221; header_font=&#8221;|300||on|||||&#8221; header_text_color=&#8221;#000000&#8243; header_font_size=&#8221;3vh&#8221; text_orientation=&#8221;center&#8221; global_colors_info=&#8221;{}&#8221;]<\/p>\n<p>Ens impliquem en els terminis i necessitats de cada client.<\/p>\n<p>[\/et_pb_blurb][\/et_pb_column][et_pb_column type=&#8221;1_4&#8243; _builder_version=&#8221;4.27.4&#8243; _module_preset=&#8221;default&#8221; global_colors_info=&#8221;{}&#8221;][et_pb_blurb title=&#8221;Puntualitat&#8221; use_icon=&#8221;on&#8221; font_icon=&#8221;&#x7d;||divi||400&#8243; icon_color=&#8221;#000000&#8243; image_icon_width=&#8221;3em&#8221; content_max_width=&#8221;1100px&#8221; _builder_version=&#8221;4.27.4&#8243; _module_preset=&#8221;default&#8221; header_font=&#8221;|300||on|||||&#8221; header_text_color=&#8221;#000000&#8243; header_font_size=&#8221;3vh&#8221; text_orientation=&#8221;center&#8221; global_colors_info=&#8221;{}&#8221;]<\/p>\n<p>Perqu\u00e8 en log\u00edstica, cada minut compta.<\/p>\n<p>[\/et_pb_blurb][\/et_pb_column][et_pb_column type=&#8221;1_4&#8243; _builder_version=&#8221;4.27.4&#8243; _module_preset=&#8221;default&#8221; global_colors_info=&#8221;{}&#8221;][et_pb_blurb title=&#8221;Innovaci\u00f3&#8221; use_icon=&#8221;on&#8221; font_icon=&#8221;&#xe007;||divi||400&#8243; icon_color=&#8221;#000000&#8243; image_icon_width=&#8221;3em&#8221; content_max_width=&#8221;1100px&#8221; _builder_version=&#8221;4.27.4&#8243; _module_preset=&#8221;default&#8221; header_font=&#8221;|300||on|||||&#8221; header_text_color=&#8221;#000000&#8243; header_font_size=&#8221;3vh&#8221; text_orientation=&#8221;center&#8221; global_colors_info=&#8221;{}&#8221;]<\/p>\n<p>Invertim en tecnologia i sostenibilitat per millorar cont\u00ednuament.<\/p>\n<p>[\/et_pb_blurb][\/et_pb_column][\/et_pb_row][\/et_pb_section][et_pb_section fb_built=&#8221;1&#8243; _builder_version=&#8221;4.27.4&#8243; _module_preset=&#8221;default&#8221; custom_padding=&#8221;20px||0px||false|false&#8221; global_colors_info=&#8221;{}&#8221;][et_pb_row _builder_version=&#8221;4.27.4&#8243; _module_preset=&#8221;default&#8221; z_index=&#8221;1&#8243; width=&#8221;100%&#8221; width_tablet=&#8221;90%&#8221; width_phone=&#8221;90%&#8221; width_last_edited=&#8221;on|phone&#8221; max_width=&#8221;2560px&#8221; module_alignment=&#8221;center&#8221; custom_padding=&#8221;0px||0px||false|false&#8221; global_colors_info=&#8221;{}&#8221;][et_pb_column type=&#8221;4_4&#8243; _builder_version=&#8221;4.27.4&#8243; _module_preset=&#8221;default&#8221; global_colors_info=&#8221;{}&#8221;][et_pb_image src=&#8221;https:\/\/almiramar.com\/wp-content\/uploads\/operador-logistico-internacional-scaled.jpg&#8221; title_text=&#8221;operador-logistico-internacional&#8221; _builder_version=&#8221;4.27.4&#8243; _module_preset=&#8221;default&#8221; z_index=&#8221;1&#8243; custom_margin=&#8221;-25vh||||false|false&#8221; custom_margin_tablet=&#8221;-50px||||false|false&#8221; custom_margin_phone=&#8221;-50px||||false|false&#8221; custom_margin_last_edited=&#8221;on|phone&#8221; animation_style=&#8221;fade&#8221; global_colors_info=&#8221;{}&#8221;][\/et_pb_image][\/et_pb_column][\/et_pb_row][\/et_pb_section]<\/p>\n","protected":false},"excerpt":{"rendered":"<p>El nostre equip Almiramar, operador log\u00edstic a LleidaOperador log\u00edstic integral amb m\u00e9s de tres d\u00e8cades de traject\u00f2ria en el sector del transport i la log\u00edstica. Des d&#8217;Alcarr\u00e0s (Lleida), hem evolucionat des d&#8217;una empresa de transport tradicional fins a convertir-nos en un aliat estrat\u00e8gic per a empreses que necessiten solucions de transport nacional i internacional, aix\u00ed [&hellip;]<\/p>\n","protected":false},"author":1,"featured_media":213,"parent":0,"menu_order":0,"comment_status":"closed","ping_status":"closed","template":"","meta":{"_et_pb_use_builder":"on","_et_pb_old_content":"","_et_gb_content_width":"","footnotes":""},"class_list":["post-1383","page","type-page","status-publish","has-post-thumbnail","hentry"],"_links":{"self":[{"href":"https:\/\/almiramar.com\/ca\/wp-json\/wp\/v2\/pages\/1383","targetHints":{"allow":["GET"]}}],"collection":[{"href":"https:\/\/almiramar.com\/ca\/wp-json\/wp\/v2\/pages"}],"about":[{"href":"https:\/\/almiramar.com\/ca\/wp-json\/wp\/v2\/types\/page"}],"author":[{"embeddable":true,"href":"https:\/\/almiramar.com\/ca\/wp-json\/wp\/v2\/users\/1"}],"replies":[{"embeddable":true,"href":"https:\/\/almiramar.com\/ca\/wp-json\/wp\/v2\/comments?post=1383"}],"version-history":[{"count":1,"href":"https:\/\/almiramar.com\/ca\/wp-json\/wp\/v2\/pages\/1383\/revisions"}],"predecessor-version":[{"id":1392,"href":"https:\/\/almiramar.com\/ca\/wp-json\/wp\/v2\/pages\/1383\/revisions\/1392"}],"wp:featuredmedia":[{"embeddable":true,"href":"https:\/\/almiramar.com\/ca\/wp-json\/wp\/v2\/media\/213"}],"wp:attachment":[{"href":"https:\/\/almiramar.com\/ca\/wp-json\/wp\/v2\/media?parent=1383"}],"curies":[{"name":"wp","href":"https:\/\/api.w.org\/{rel}","templated":true}]}}