{"id":1401,"date":"2025-10-03T13:27:38","date_gmt":"2025-10-03T11:27:38","guid":{"rendered":"https:\/\/almiramar.com\/transport-nacional-i-internacional-de-mercaderies\/"},"modified":"2025-11-10T18:06:45","modified_gmt":"2025-11-10T17:06:45","slug":"transport-nacional-i-internacional-de-mercaderies","status":"publish","type":"page","link":"https:\/\/almiramar.com\/ca\/transport-nacional-i-internacional-de-mercaderies\/","title":{"rendered":"Transport nacional i internacional de mercaderies"},"content":{"rendered":"<p>[et_pb_section fb_built=&#8221;1&#8243; _builder_version=&#8221;4.27.4&#8243; _module_preset=&#8221;default&#8221; custom_padding=&#8221;0px||0px||false|false&#8221; locked=&#8221;off&#8221; global_colors_info=&#8221;{}&#8221;][et_pb_row column_structure=&#8221;1_2,1_2&#8243; use_custom_gutter=&#8221;on&#8221; make_equal=&#8221;on&#8221; _builder_version=&#8221;4.27.4&#8243; _module_preset=&#8221;default&#8221; background_enable_color=&#8221;off&#8221; parallax=&#8221;on&#8221; width=&#8221;95%&#8221; width_tablet=&#8221;90%&#8221; width_phone=&#8221;90%&#8221; width_last_edited=&#8221;on|tablet&#8221; max_width=&#8221;2560px&#8221; module_alignment=&#8221;right&#8221; min_height=&#8221;90vh&#8221; custom_padding=&#8221;0px||0px||false|false&#8221; module_alignment_tablet=&#8221;center&#8221; module_alignment_phone=&#8221;center&#8221; module_alignment_last_edited=&#8221;on|tablet&#8221; global_colors_info=&#8221;{}&#8221;][et_pb_column type=&#8221;1_2&#8243; _builder_version=&#8221;4.27.4&#8243; _module_preset=&#8221;default&#8221; custom_padding=&#8221;15vh||||false|false&#8221; custom_padding_tablet=&#8221;10vh||||false|false&#8221; custom_padding_phone=&#8221;10vh||||false|false&#8221; custom_padding_last_edited=&#8221;on|tablet&#8221; global_colors_info=&#8221;{}&#8221;][et_pb_text _builder_version=&#8221;4.27.4&#8243; _module_preset=&#8221;_initial&#8221; header_font_size=&#8221;5vh&#8221; custom_margin=&#8221;|5%|||false|false&#8221; header_font_size_tablet=&#8221;5vh&#8221; header_font_size_phone=&#8221;4vh&#8221; header_font_size_last_edited=&#8221;on|phone&#8221; text_orientation_tablet=&#8221;left&#8221; text_orientation_phone=&#8221;left&#8221; text_orientation_last_edited=&#8221;on|tablet&#8221; global_colors_info=&#8221;{}&#8221;]<\/p>\n<p>Serveis<\/p>\n<h1>Transport nacional i internacional de mercaderies<\/h1>\n<p>[\/et_pb_text][et_pb_text _builder_version=&#8221;4.27.4&#8243; _module_preset=&#8221;default&#8221; global_colors_info=&#8221;{}&#8221;]<\/p>\n<p><strong>Adaptem la log\u00edstica al vostre negoci. Rutes flexibles, m\u00e0xima puntualitat. <\/strong><\/p>\n<p> A <strong>Almiramar<\/strong> oferim serveis de <strong>transport nacional i internacional<\/strong> dissenyats per adaptar-se a les necessitats espec\u00edfiques de cada client. Ja sigui per a c\u00e0rregues completes, mercaderies sensibles o expedicions freq\u00fcents, el nostre comprom\u00eds \u00e9s oferir solucions segures, \u00e0gils i eficients a tot Europa. <\/p>\n<p> Comptem amb m\u00e9s de <strong>30 anys d&#8217;experi\u00e8ncia<\/strong>, una <strong>flota pr\u00f2pia moderna<\/strong> equipada amb tecnologia avan\u00e7ada i un equip operatiu 24\/7 per garantir que les vostres mercaderies arribin <strong>puntuals, \u00edntegres i sota control total<\/strong>. <\/p>\n<p>[\/et_pb_text][\/et_pb_column][et_pb_column type=&#8221;1_2&#8243; _builder_version=&#8221;4.27.4&#8243; _module_preset=&#8221;default&#8221; background_color=&#8221;#00FF29&#8243; use_background_color_gradient=&#8221;on&#8221; background_color_gradient_stops=&#8221;rgba(0,255,41,0.7) 0%|rgba(0,255,41,0.7) 99%&#8221; background_image=&#8221;https:\/\/almiramar.com\/wp-content\/uploads\/empresa-transporte-logistica-internacional-lleida.jpg&#8221; parallax=&#8221;on&#8221; background_enable_video_mp4=&#8221;off&#8221; global_colors_info=&#8221;{}&#8221; background__hover_enabled=&#8221;off|hover&#8221; background_blend__hover=&#8221;multiply&#8221;][et_pb_divider show_divider=&#8221;off&#8221; _builder_version=&#8221;4.27.4&#8243; _module_preset=&#8221;default&#8221; height=&#8221;600px&#8221; global_colors_info=&#8221;{}&#8221;][\/et_pb_divider][\/et_pb_column][\/et_pb_row][\/et_pb_section][et_pb_section fb_built=&#8221;1&#8243; admin_label=&#8221;Project&#8221; _builder_version=&#8221;4.27.4&#8243; _module_preset=&#8221;default&#8221; locked=&#8221;off&#8221; collapsed=&#8221;on&#8221; global_colors_info=&#8221;{}&#8221;][et_pb_row _builder_version=&#8221;4.27.4&#8243; _module_preset=&#8221;default&#8221; background_color=&#8221;#F8F8F8&#8243; use_background_color_gradient=&#8221;on&#8221; background_color_gradient_stops=&#8221;#f8f8f8 0%|#ffffff 100%&#8221; background_image=&#8221;https:\/\/almiramar.com\/wp-content\/uploads\/augmented-reality-illustration-test.png&#8221; background_size=&#8221;initial&#8221; background_position=&#8221;bottom_right&#8221; width=&#8221;90%&#8221; max_width=&#8221;2560px&#8221; border_radii=&#8221;off|20px|20px||&#8221; border_width_all=&#8221;1px&#8221; border_color_all=&#8221;#F5F5F5&#8243; box_shadow_style=&#8221;preset3&#8243; box_shadow_color=&#8221;rgba(0,0,0,0.2)&#8221; locked=&#8221;off&#8221; global_colors_info=&#8221;{}&#8221;][et_pb_column type=&#8221;4_4&#8243; disabled_on=&#8221;off|off|off&#8221; _builder_version=&#8221;4.27.4&#8243; _module_preset=&#8221;default&#8221; custom_padding=&#8221;50px|4%|0px|4%|false|true&#8221; custom_padding_tablet=&#8221;|20px||20px|false|true&#8221; custom_padding_phone=&#8221;50px|20px|0px|20px|false|true&#8221; custom_padding_last_edited=&#8221;on|phone&#8221; global_colors_info=&#8221;{}&#8221;][et_pb_text _builder_version=&#8221;4.27.4&#8243; _module_preset=&#8221;_initial&#8221; text_letter_spacing=&#8221;1px&#8221; header_2_font_size=&#8221;4vh&#8221; custom_margin=&#8221;|5%|||false|false&#8221; header_2_font_size_tablet=&#8221;&#8221; header_2_font_size_phone=&#8221;4vh&#8221; header_2_font_size_last_edited=&#8221;on|phone&#8221; text_orientation_tablet=&#8221;left&#8221; text_orientation_phone=&#8221;left&#8221; text_orientation_last_edited=&#8221;on|tablet&#8221; locked=&#8221;off&#8221; global_colors_info=&#8221;{}&#8221;]<\/p>\n<p>CAPACITAT, CONTROL I CADENA DE FRED<\/p>\n<p>[\/et_pb_text][et_pb_text _builder_version=&#8221;4.27.4&#8243; _module_preset=&#8221;_initial&#8221; text_text_color=&#8221;#666666&#8243; header_2_font_size=&#8221;4vh&#8221; custom_margin=&#8221;|5%|||false|false&#8221; header_2_font_size_tablet=&#8221;&#8221; header_2_font_size_phone=&#8221;4vh&#8221; header_2_font_size_last_edited=&#8221;on|phone&#8221; text_orientation_tablet=&#8221;left&#8221; text_orientation_phone=&#8221;left&#8221; text_orientation_last_edited=&#8221;on|tablet&#8221; locked=&#8221;off&#8221; global_colors_info=&#8221;{}&#8221;]<\/p>\n<h2><b>Solucions log\u00edstiques per al transport nacional i internacional de mercaderies<\/b><\/h2>\n<p>[\/et_pb_text][et_pb_text _builder_version=&#8221;4.27.4&#8243; _module_preset=&#8221;default&#8221; global_colors_info=&#8221;{}&#8221;]<\/p>\n<p>Sabem que no totes les c\u00e0rregues s\u00f3n iguals, per aix\u00f2 combinem diferents vehicles i configuracions log\u00edstiques per transportar <strong>mercaderies generals, refrigerades, sensibles i de gran volum<\/strong> amb puntualitat, tra\u00e7abilitat i menys manipulacions. La nostra regla: la modalitat s&#8217;ajusta al producte, no al rev\u00e9s. <\/p>\n<p>[\/et_pb_text][\/et_pb_column][\/et_pb_row][et_pb_row column_structure=&#8221;1_3,1_3,1_3&#8243; use_custom_gutter=&#8221;on&#8221; gutter_width=&#8221;1&#8243; make_equal=&#8221;on&#8221; _builder_version=&#8221;4.27.4&#8243; _module_preset=&#8221;default&#8221; background_color=&#8221;#F8F8F8&#8243; use_background_color_gradient=&#8221;on&#8221; background_color_gradient_stops=&#8221;#ffffff 0%|#f8f8f8 100%&#8221; width=&#8221;90%&#8221; max_width=&#8221;2560px&#8221; custom_margin=&#8221;-5px||||false|false&#8221; custom_padding=&#8221;10px||10px||false|false&#8221; border_width_right=&#8221;1px&#8221; border_color_right=&#8221;#F5F5F5&#8243; border_width_left=&#8221;1px&#8221; border_color_left=&#8221;#F5F5F5&#8243; box_shadow_style=&#8221;preset3&#8243; box_shadow_color=&#8221;rgba(0,0,0,0.2)&#8221; locked=&#8221;off&#8221; global_colors_info=&#8221;{}&#8221;][et_pb_column type=&#8221;1_3&#8243; disabled_on=&#8221;off|off|off&#8221; _builder_version=&#8221;4.27.4&#8243; _module_preset=&#8221;default&#8221; custom_padding=&#8221;0px|10px|0px|4%|true|false&#8221; custom_padding_tablet=&#8221;0px|20px|0px|20px|true|true&#8221; custom_padding_phone=&#8221;0px|20px|0px|20px|true|true&#8221; custom_padding_last_edited=&#8221;on|phone&#8221; global_colors_info=&#8221;{}&#8221;][et_pb_blurb title=&#8221;Rutes de transport nacional i internacional&#8221; use_icon=&#8221;on&#8221; font_icon=&#8221;&#xf57c;||fa||900&#8243; content_max_width=&#8221;1100px&#8221; _builder_version=&#8221;4.27.4&#8243; _module_preset=&#8221;default&#8221; header_level=&#8221;h3&#8243; header_font_size=&#8221;3vh&#8221; background_color=&#8221;#FFFFFF&#8221; text_orientation=&#8221;center&#8221; custom_padding=&#8221;5%|5%|5%|5%|true|true&#8221; header_font_size_last_edited=&#8221;off|desktop&#8221; border_radii=&#8221;on|20px|20px|20px|20px&#8221; border_width_all=&#8221;1px&#8221; border_color_all=&#8221;#00FF29&#8243; locked=&#8221;off&#8221; global_colors_info=&#8221;{}&#8221;]<\/p>\n<p>Operem rutes di\u00e0ries per tot el territori nacional i cap als principals pa\u00efsos de la Uni\u00f3 Europea, adaptant cada servei a les vostres exig\u00e8ncies operatives.<\/p>\n<p>[\/et_pb_blurb][et_pb_blurb title=&#8221;Rutes di\u00e0ries als principals mercats nacionals: Madrid, Barcelona, Girona i Val\u00e8ncia&#8221; use_icon=&#8221;on&#8221; font_icon=&#8221;&#xf058;||fa||400&#8243; icon_placement=&#8221;left&#8221; content_max_width=&#8221;1100px&#8221; _builder_version=&#8221;4.27.4&#8243; _module_preset=&#8221;default&#8221; header_font_size=&#8221;2vh&#8221; background_color=&#8221;#FFFFFF&#8221; custom_margin=&#8221;20px||||false|false&#8221; custom_padding=&#8221;5%|5%|5%|5%|true|true&#8221; header_font_size_last_edited=&#8221;off|desktop&#8221; border_radii=&#8221;on|20px|20px|20px|20px&#8221; border_width_all=&#8221;1px&#8221; border_color_all=&#8221;#00FF29&#8243; locked=&#8221;off&#8221; global_colors_info=&#8221;{}&#8221;][\/et_pb_blurb][et_pb_blurb title=&#8221;Transport internacional diari a Fran\u00e7a, B\u00e8lgica i Holanda&#8221; use_icon=&#8221;on&#8221; font_icon=&#8221;&#xf058;||fa||400&#8243; icon_placement=&#8221;left&#8221; content_max_width=&#8221;1100px&#8221; _builder_version=&#8221;4.27.4&#8243; _module_preset=&#8221;default&#8221; header_font_size=&#8221;2vh&#8221; background_color=&#8221;#FFFFFF&#8221; custom_margin=&#8221;20px||||false|false&#8221; custom_padding=&#8221;5%|5%|5%|5%|true|true&#8221; header_font_size_last_edited=&#8221;off|desktop&#8221; border_radii=&#8221;on|20px|20px|20px|20px&#8221; border_width_all=&#8221;1px&#8221; border_color_all=&#8221;#00FF29&#8243; locked=&#8221;off&#8221; global_colors_info=&#8221;{}&#8221;][\/et_pb_blurb][et_pb_blurb icon_placement=&#8221;left&#8221; content_max_width=&#8221;1100px&#8221; _builder_version=&#8221;4.27.4&#8243; _module_preset=&#8221;default&#8221; header_level=&#8221;h3&#8243; header_font_size=&#8221;3vh&#8221; background_color=&#8221;#FFFFFF&#8221; custom_margin=&#8221;20px||||false|false&#8221; custom_padding=&#8221;5%|5%|5%|5%|true|true&#8221; header_font_size_last_edited=&#8221;off|desktop&#8221; border_radii=&#8221;on|20px|20px|20px|20px&#8221; border_width_all=&#8221;1px&#8221; border_color_all=&#8221;#00FF29&#8243; locked=&#8221;off&#8221; global_colors_info=&#8221;{}&#8221;]<\/p>\n<p>Realitzem tant <strong>c\u00e0rregues completes (FTL) com grupatges parcials (LTL)<\/strong>, optimitzant els costos i temps de tr\u00e0nsit sense renunciar al control log\u00edstic en cada fase.<\/p>\n<p>[\/et_pb_blurb][\/et_pb_column][et_pb_column type=&#8221;1_3&#8243; disabled_on=&#8221;off|off|off&#8221; _builder_version=&#8221;4.27.4&#8243; _module_preset=&#8221;default&#8221; custom_padding=&#8221;0px|10px|0px|10px|false|true&#8221; custom_padding_tablet=&#8221;20px|20px|0px|20px|false|true&#8221; custom_padding_phone=&#8221;20px|20px|0px|20px|false|true&#8221; custom_padding_last_edited=&#8221;on|tablet&#8221; global_colors_info=&#8221;{}&#8221;][et_pb_blurb title=&#8221;Cadena de fred garantida&#8221; use_icon=&#8221;on&#8221; font_icon=&#8221;&#xf2dc;||fa||900&#8243; content_max_width=&#8221;1100px&#8221; _builder_version=&#8221;4.27.4&#8243; _module_preset=&#8221;default&#8221; header_level=&#8221;h3&#8243; header_font_size=&#8221;3vh&#8221; background_color=&#8221;#FFFFFF&#8221; text_orientation=&#8221;center&#8221; custom_padding=&#8221;5%|5%|5%|5%|true|true&#8221; header_font_size_last_edited=&#8221;off|desktop&#8221; border_radii=&#8221;on|20px|20px|20px|20px&#8221; border_width_all=&#8221;1px&#8221; border_color_all=&#8221;#00FF29&#8243; locked=&#8221;off&#8221; global_colors_info=&#8221;{}&#8221;]<\/p>\n<p>Som especialistes en transport refrigerat de c\u00e0rrega completa (FTL) a temperatura controlada, ideal per a&#8230;<\/p>\n<p>[\/et_pb_blurb][et_pb_blurb title=&#8221;Productes alimentaris peribles (fruites, carns, congelats, etc.)&#8221; use_icon=&#8221;on&#8221; font_icon=&#8221;&#xf058;||fa||400&#8243; icon_placement=&#8221;left&#8221; content_max_width=&#8221;1100px&#8221; _builder_version=&#8221;4.27.4&#8243; _module_preset=&#8221;default&#8221; header_font_size=&#8221;2vh&#8221; background_color=&#8221;#FFFFFF&#8221; custom_margin=&#8221;20px||||false|false&#8221; custom_padding=&#8221;5%|5%|5%|5%|true|true&#8221; header_font_size_last_edited=&#8221;off|desktop&#8221; border_radii=&#8221;on|20px|20px|20px|20px&#8221; border_width_all=&#8221;1px&#8221; border_color_all=&#8221;#00FF29&#8243; locked=&#8221;off&#8221; global_colors_info=&#8221;{}&#8221;][\/et_pb_blurb][et_pb_blurb title=&#8221;C\u00e0rrega farmac\u00e8utica i qu\u00edmica sensible&#8221; use_icon=&#8221;on&#8221; font_icon=&#8221;&#xf058;||fa||400&#8243; icon_placement=&#8221;left&#8221; content_max_width=&#8221;1100px&#8221; _builder_version=&#8221;4.27.4&#8243; _module_preset=&#8221;default&#8221; header_font_size=&#8221;2vh&#8221; background_color=&#8221;#FFFFFF&#8221; custom_margin=&#8221;20px||||false|false&#8221; custom_padding=&#8221;5%|5%|5%|5%|true|true&#8221; header_font_size_last_edited=&#8221;off|desktop&#8221; border_radii=&#8221;on|20px|20px|20px|20px&#8221; border_width_all=&#8221;1px&#8221; border_color_all=&#8221;#00FF29&#8243; locked=&#8221;off&#8221; global_colors_info=&#8221;{}&#8221;][\/et_pb_blurb][et_pb_blurb title=&#8221;Mercaderies que requereixen conservaci\u00f3 constant&#8221; use_icon=&#8221;on&#8221; font_icon=&#8221;&#xf058;||fa||400&#8243; icon_placement=&#8221;left&#8221; content_max_width=&#8221;1100px&#8221; _builder_version=&#8221;4.27.4&#8243; _module_preset=&#8221;default&#8221; header_font_size=&#8221;2vh&#8221; background_color=&#8221;#FFFFFF&#8221; custom_margin=&#8221;20px||||false|false&#8221; custom_padding=&#8221;5%|5%|5%|5%|true|true&#8221; header_font_size_last_edited=&#8221;off|desktop&#8221; border_radii=&#8221;on|20px|20px|20px|20px&#8221; border_width_all=&#8221;1px&#8221; border_color_all=&#8221;#00FF29&#8243; locked=&#8221;off&#8221; global_colors_info=&#8221;{}&#8221;][\/et_pb_blurb][et_pb_blurb icon_placement=&#8221;left&#8221; content_max_width=&#8221;1100px&#8221; _builder_version=&#8221;4.27.4&#8243; _module_preset=&#8221;default&#8221; header_level=&#8221;h3&#8243; header_font_size=&#8221;3vh&#8221; background_color=&#8221;#FFFFFF&#8221; custom_margin=&#8221;20px||||false|false&#8221; custom_padding=&#8221;5%|5%|5%|5%|true|true&#8221; header_font_size_last_edited=&#8221;off|desktop&#8221; border_radii=&#8221;on|20px|20px|20px|20px&#8221; border_width_all=&#8221;1px&#8221; border_color_all=&#8221;#00FF29&#8243; locked=&#8221;off&#8221; global_colors_info=&#8221;{}&#8221;]<\/p>\n<p>La nostra flota incorpora <strong>control de temperatura en continu<\/strong>, garantint la cadena de fred sense interrupcions durant tot el trajecte. Aquest control \u00e9s essencial per complir amb normatives sanit\u00e0ries, garantir la qualitat del producte i evitar p\u00e8rdues. <\/p>\n<p>[\/et_pb_blurb][\/et_pb_column][et_pb_column type=&#8221;1_3&#8243; disabled_on=&#8221;off|off|off&#8221; _builder_version=&#8221;4.27.4&#8243; _module_preset=&#8221;default&#8221; custom_padding=&#8221;0px|4%|0px|10px|true|false&#8221; custom_padding_tablet=&#8221;20px|20px|20px|20px|true|true&#8221; custom_padding_phone=&#8221;20px|20px|20px|20px|true|true&#8221; custom_padding_last_edited=&#8221;on|tablet&#8221; global_colors_info=&#8221;{}&#8221;][et_pb_blurb title=&#8221;Transport en Tauliner&#8221; use_icon=&#8221;on&#8221; font_icon=&#8221;&#xf362;||fa||900&#8243; content_max_width=&#8221;1100px&#8221; _builder_version=&#8221;4.27.4&#8243; _module_preset=&#8221;default&#8221; header_level=&#8221;h3&#8243; header_font_size=&#8221;3vh&#8221; background_color=&#8221;#FFFFFF&#8221; text_orientation=&#8221;center&#8221; custom_padding=&#8221;5%|5%|5%|5%|true|true&#8221; header_font_size_last_edited=&#8221;off|desktop&#8221; border_radii=&#8221;on|20px|20px|20px|20px&#8221; border_width_all=&#8221;1px&#8221; border_color_all=&#8221;#00FF29&#8243; locked=&#8221;off&#8221; global_colors_info=&#8221;{}&#8221;]<\/p>\n<p>Ideal per al transport de:<\/p>\n<p>[\/et_pb_blurb][et_pb_blurb title=&#8221;Palets industrials&#8221; use_icon=&#8221;on&#8221; font_icon=&#8221;&#xf058;||fa||400&#8243; icon_placement=&#8221;left&#8221; content_max_width=&#8221;1100px&#8221; _builder_version=&#8221;4.27.4&#8243; _module_preset=&#8221;default&#8221; header_font_size=&#8221;2vh&#8221; background_color=&#8221;#FFFFFF&#8221; custom_margin=&#8221;20px||||false|false&#8221; custom_padding=&#8221;5%|5%|5%|5%|true|true&#8221; header_font_size_last_edited=&#8221;off|desktop&#8221; border_radii=&#8221;on|20px|20px|20px|20px&#8221; border_width_all=&#8221;1px&#8221; border_color_all=&#8221;#00FF29&#8243; locked=&#8221;off&#8221; global_colors_info=&#8221;{}&#8221;][\/et_pb_blurb][et_pb_blurb title=&#8221;Maquin\u00e0ria&#8221; use_icon=&#8221;on&#8221; font_icon=&#8221;&#xf058;||fa||400&#8243; icon_placement=&#8221;left&#8221; content_max_width=&#8221;1100px&#8221; _builder_version=&#8221;4.27.4&#8243; _module_preset=&#8221;default&#8221; header_font_size=&#8221;2vh&#8221; background_color=&#8221;#FFFFFF&#8221; custom_margin=&#8221;20px||||false|false&#8221; custom_padding=&#8221;5%|5%|5%|5%|true|true&#8221; header_font_size_last_edited=&#8221;off|desktop&#8221; border_radii=&#8221;on|20px|20px|20px|20px&#8221; border_width_all=&#8221;1px&#8221; border_color_all=&#8221;#00FF29&#8243; locked=&#8221;off&#8221; global_colors_info=&#8221;{}&#8221;][\/et_pb_blurb][et_pb_blurb title=&#8221;Materials de construcci\u00f3&#8221; use_icon=&#8221;on&#8221; font_icon=&#8221;&#xf058;||fa||400&#8243; icon_placement=&#8221;left&#8221; content_max_width=&#8221;1100px&#8221; _builder_version=&#8221;4.27.4&#8243; _module_preset=&#8221;default&#8221; header_font_size=&#8221;2vh&#8221; background_color=&#8221;#FFFFFF&#8221; custom_margin=&#8221;20px||||false|false&#8221; custom_padding=&#8221;5%|5%|5%|5%|true|true&#8221; header_font_size_last_edited=&#8221;off|desktop&#8221; border_radii=&#8221;on|20px|20px|20px|20px&#8221; border_width_all=&#8221;1px&#8221; border_color_all=&#8221;#00FF29&#8243; locked=&#8221;off&#8221; global_colors_info=&#8221;{}&#8221;][\/et_pb_blurb][et_pb_blurb title=&#8221;Mercaderies generals o de gran volum&#8221; use_icon=&#8221;on&#8221; font_icon=&#8221;&#xf058;||fa||400&#8243; icon_placement=&#8221;left&#8221; content_max_width=&#8221;1100px&#8221; _builder_version=&#8221;4.27.4&#8243; _module_preset=&#8221;default&#8221; header_font_size=&#8221;2vh&#8221; background_color=&#8221;#FFFFFF&#8221; custom_margin=&#8221;20px||||false|false&#8221; custom_padding=&#8221;5%|5%|5%|5%|true|true&#8221; header_font_size_last_edited=&#8221;off|desktop&#8221; border_radii=&#8221;on|20px|20px|20px|20px&#8221; border_width_all=&#8221;1px&#8221; border_color_all=&#8221;#00FF29&#8243; locked=&#8221;off&#8221; global_colors_info=&#8221;{}&#8221;][\/et_pb_blurb][et_pb_blurb icon_placement=&#8221;left&#8221; content_max_width=&#8221;1100px&#8221; _builder_version=&#8221;4.27.4&#8243; _module_preset=&#8221;default&#8221; header_level=&#8221;h3&#8243; header_font_size=&#8221;3vh&#8221; background_color=&#8221;#FFFFFF&#8221; custom_margin=&#8221;20px||||false|false&#8221; custom_padding=&#8221;5%|5%|5%|5%|true|true&#8221; header_font_size_last_edited=&#8221;off|desktop&#8221; border_radii=&#8221;on|20px|20px|20px|20px&#8221; border_width_all=&#8221;1px&#8221; border_color_all=&#8221;#00FF29&#8243; locked=&#8221;off&#8221; global_colors_info=&#8221;{}&#8221;]<\/p>\n<p>Els camions tauliner disposen de <strong>lona lateral corredissa<\/strong>, cosa que facilita la <strong>c\u00e0rrega i desc\u00e0rrega r\u00e0pida<\/strong> a origen i destinaci\u00f3. Aquesta versatilitat els fa perfectes per a ind\u00fastries amb necessitats log\u00edstiques exigents. <\/p>\n<p>[\/et_pb_blurb][\/et_pb_column][\/et_pb_row][et_pb_row column_structure=&#8221;3_5,2_5&#8243; use_custom_gutter=&#8221;on&#8221; gutter_width=&#8221;1&#8243; make_equal=&#8221;on&#8221; _builder_version=&#8221;4.27.4&#8243; _module_preset=&#8221;default&#8221; background_color=&#8221;#F8F8F8&#8243; width=&#8221;90%&#8221; max_width=&#8221;2560px&#8221; custom_margin=&#8221;-5px||||false|false&#8221; custom_padding=&#8221;||||false|false&#8221; border_radii=&#8221;off|||20px|20px&#8221; border_width_right=&#8221;1px&#8221; border_color_right=&#8221;#F5F5F5&#8243; border_width_left=&#8221;1px&#8221; border_color_left=&#8221;#F5F5F5&#8243; box_shadow_style=&#8221;preset3&#8243; box_shadow_color=&#8221;rgba(0,0,0,0.2)&#8221; locked=&#8221;off&#8221; global_colors_info=&#8221;{}&#8221;][et_pb_column type=&#8221;3_5&#8243; disabled_on=&#8221;off|off|off&#8221; _builder_version=&#8221;4.27.4&#8243; _module_preset=&#8221;default&#8221; custom_padding=&#8221;0px|10px|0px|4%|true|false&#8221; custom_padding_tablet=&#8221;0px|20px|0px|20px|true|true&#8221; custom_padding_phone=&#8221;0px|20px|0px|20px|true|true&#8221; custom_padding_last_edited=&#8221;on|tablet&#8221; global_colors_info=&#8221;{}&#8221;][et_pb_text _builder_version=&#8221;4.27.4&#8243; _module_preset=&#8221;_initial&#8221; header_2_font_size=&#8221;4vh&#8221; custom_margin=&#8221;|5%|||false|false&#8221; header_2_font_size_tablet=&#8221;&#8221; header_2_font_size_phone=&#8221;4vh&#8221; header_2_font_size_last_edited=&#8221;on|phone&#8221; text_orientation_tablet=&#8221;left&#8221; text_orientation_phone=&#8221;left&#8221; text_orientation_last_edited=&#8221;on|tablet&#8221; locked=&#8221;off&#8221; global_colors_info=&#8221;{}&#8221;]<\/p>\n<h4><strong>Descobriu la soluci\u00f3 de transport nacional i internacional que s&#8217;adapta a vosaltres<\/strong><\/h4>\n<p>Us proposem la ruta i modalitat que millor s&#8217;ajustin a vosaltres en 24 hores.<\/p>\n<p>[\/et_pb_text][\/et_pb_column][et_pb_column type=&#8221;2_5&#8243; disabled_on=&#8221;off|off|off&#8221; _builder_version=&#8221;4.27.4&#8243; _module_preset=&#8221;default&#8221; custom_padding=&#8221;0px|4%|0px|10px|true|false&#8221; custom_padding_tablet=&#8221;0px|20px|0px|20px|true|true&#8221; custom_padding_phone=&#8221;0px|20px|0px|20px|true|true&#8221; custom_padding_last_edited=&#8221;on|tablet&#8221; global_colors_info=&#8221;{}&#8221;][et_pb_button button_url=&#8221;#contacto&#8221; button_text=&#8221;Parlem de solucions&#8221; button_alignment=&#8221;center&#8221; _builder_version=&#8221;4.27.4&#8243; _module_preset=&#8221;default&#8221; locked=&#8221;off&#8221; global_colors_info=&#8221;{}&#8221;][\/et_pb_button][\/et_pb_column][\/et_pb_row][\/et_pb_section][et_pb_section fb_built=&#8221;1&#8243; _builder_version=&#8221;4.27.4&#8243; _module_preset=&#8221;default&#8221; min_height=&#8221;100vh&#8221; custom_padding=&#8221;0px||0px||false|false&#8221; global_colors_info=&#8221;{}&#8221;][et_pb_row column_structure=&#8221;1_2,1_2&#8243; use_custom_gutter=&#8221;on&#8221; make_equal=&#8221;on&#8221; _builder_version=&#8221;4.27.4&#8243; _module_preset=&#8221;default&#8221; width=&#8221;95%&#8221; width_tablet=&#8221;90%&#8221; width_phone=&#8221;90%&#8221; width_last_edited=&#8221;on|tablet&#8221; max_width=&#8221;2560px&#8221; module_alignment=&#8221;left&#8221; min_height=&#8221;100vh&#8221; custom_padding=&#8221;0px||0px||false|false&#8221; module_alignment_tablet=&#8221;center&#8221; module_alignment_phone=&#8221;center&#8221; module_alignment_last_edited=&#8221;on|tablet&#8221; global_colors_info=&#8221;{}&#8221;][et_pb_column type=&#8221;1_2&#8243; _builder_version=&#8221;4.27.4&#8243; _module_preset=&#8221;default&#8221; background_color=&#8221;RGBA(0,255,41,0.7)&#8221; use_background_color_gradient=&#8221;on&#8221; background_color_gradient_stops=&#8221;rgba(0,255,41,0.7) 0%|rgba(0,255,41,0.7) 100%&#8221; background_image=&#8221;https:\/\/almiramar.com\/wp-content\/uploads\/empresa-transporte-nacional-logistica-internacional.jpg&#8221; parallax=&#8221;on&#8221; background_enable_video_mp4=&#8221;off&#8221; global_colors_info=&#8221;{}&#8221; background__hover_enabled=&#8221;off|hover&#8221; background_blend__hover=&#8221;multiply&#8221;][et_pb_divider show_divider=&#8221;off&#8221; _builder_version=&#8221;4.27.4&#8243; _module_preset=&#8221;default&#8221; height=&#8221;600px&#8221; global_colors_info=&#8221;{}&#8221;][\/et_pb_divider][\/et_pb_column][et_pb_column type=&#8221;1_2&#8243; _builder_version=&#8221;4.27.4&#8243; _module_preset=&#8221;default&#8221; custom_padding=&#8221;100px||100px||true|false&#8221; global_colors_info=&#8221;{}&#8221;][et_pb_text _builder_version=&#8221;4.27.4&#8243; _module_preset=&#8221;_initial&#8221; header_2_font_size=&#8221;5vh&#8221; custom_margin=&#8221;|5%|||false|false&#8221; header_2_font_size_tablet=&#8221;5vh&#8221; header_2_font_size_phone=&#8221;4vh&#8221; header_2_font_size_last_edited=&#8221;on|phone&#8221; text_orientation_tablet=&#8221;left&#8221; text_orientation_phone=&#8221;left&#8221; text_orientation_last_edited=&#8221;on|tablet&#8221; locked=&#8221;off&#8221; global_colors_info=&#8221;{}&#8221;]<\/p>\n<p>Qu\u00e8 ens representa?<\/p>\n<h2>Seguretat, control i rutes personalitzades<\/h2>\n<p>[\/et_pb_text][et_pb_text _builder_version=&#8221;4.27.4&#8243; _module_preset=&#8221;default&#8221; global_colors_info=&#8221;{}&#8221;]<\/p>\n<p>Tractem cada enviament amb precisi\u00f3. Operem amb tra\u00e7abilitat real, comunicaci\u00f3 directa i processos documentals \u00e0gils per mantenir la puntualitat i la qualitat del servei. <\/p>\n<p>[\/et_pb_text][et_pb_blurb title=&#8221;Tra\u00e7abilitat completa en temps real (GPS)&#8221; use_icon=&#8221;on&#8221; font_icon=&#8221;&#xf058;||fa||400&#8243; icon_placement=&#8221;left&#8221; content_max_width=&#8221;1100px&#8221; _builder_version=&#8221;4.27.4&#8243; _module_preset=&#8221;default&#8221; header_level=&#8221;h3&#8243; header_font_size=&#8221;2vh&#8221; custom_margin=&#8221;||20px||false|false&#8221; header_font_size_last_edited=&#8221;off|desktop&#8221; locked=&#8221;off&#8221; global_colors_info=&#8221;{}&#8221;][\/et_pb_blurb][et_pb_blurb title=&#8221;Comunicaci\u00f3 directa amb el client&#8221; use_icon=&#8221;on&#8221; font_icon=&#8221;&#xf058;||fa||400&#8243; icon_placement=&#8221;left&#8221; content_max_width=&#8221;1100px&#8221; _builder_version=&#8221;4.27.4&#8243; _module_preset=&#8221;default&#8221; header_level=&#8221;h3&#8243; header_font_size=&#8221;2vh&#8221; custom_margin=&#8221;||20px||false|false&#8221; header_font_size_last_edited=&#8221;off|desktop&#8221; locked=&#8221;off&#8221; global_colors_info=&#8221;{}&#8221;][\/et_pb_blurb][et_pb_blurb title=&#8221;Gesti\u00f3 digitalitzada&#8221; use_icon=&#8221;on&#8221; font_icon=&#8221;&#xf058;||fa||400&#8243; icon_placement=&#8221;left&#8221; content_max_width=&#8221;1100px&#8221; _builder_version=&#8221;4.27.4&#8243; _module_preset=&#8221;default&#8221; header_level=&#8221;h3&#8243; header_font_size=&#8221;2vh&#8221; custom_margin=&#8221;||20px||false|false&#8221; header_font_size_last_edited=&#8221;off|desktop&#8221; locked=&#8221;off&#8221; global_colors_info=&#8221;{}&#8221;][\/et_pb_blurb][et_pb_blurb title=&#8221;Temps de tr\u00e0nsit optimitzats&#8221; use_icon=&#8221;on&#8221; font_icon=&#8221;&#xf058;||fa||400&#8243; icon_placement=&#8221;left&#8221; content_max_width=&#8221;1100px&#8221; _builder_version=&#8221;4.27.4&#8243; _module_preset=&#8221;default&#8221; header_level=&#8221;h3&#8243; header_font_size=&#8221;2vh&#8221; custom_margin=&#8221;||20px||false|false&#8221; header_font_size_last_edited=&#8221;off|desktop&#8221; locked=&#8221;off&#8221; global_colors_info=&#8221;{}&#8221;][\/et_pb_blurb][et_pb_text _builder_version=&#8221;4.27.4&#8243; _module_preset=&#8221;default&#8221; global_colors_info=&#8221;{}&#8221;]<\/p>\n<p>A m\u00e9s, el nostre equip ofereix atenci\u00f3 personalitzada 24\/7, garantint una <strong>resposta \u00e0gil i professional<\/strong> davant de qualsevol incid\u00e8ncia o canvi en ruta.<\/p>\n<p>[\/et_pb_text][\/et_pb_column][\/et_pb_row][\/et_pb_section][et_pb_section fb_built=&#8221;1&#8243; admin_label=&#8221;Project&#8221; _builder_version=&#8221;4.27.4&#8243; _module_preset=&#8221;default&#8221; locked=&#8221;off&#8221; collapsed=&#8221;on&#8221; global_colors_info=&#8221;{}&#8221;][et_pb_row _builder_version=&#8221;4.27.4&#8243; _module_preset=&#8221;default&#8221; background_color=&#8221;#F8F8F8&#8243; background_image=&#8221;https:\/\/almiramar.com\/wp-content\/uploads\/augmented-reality-background-01@2x.png&#8221; background_size=&#8221;initial&#8221; background_position=&#8221;bottom_center&#8221; width=&#8221;90%&#8221; max_width=&#8221;2560px&#8221; border_radii=&#8221;off|20px|20px|20px|20px&#8221; border_width_all=&#8221;1px&#8221; border_color_all=&#8221;#F5F5F5&#8243; box_shadow_style=&#8221;preset3&#8243; box_shadow_color=&#8221;rgba(0,0,0,0.2)&#8221; locked=&#8221;off&#8221; global_colors_info=&#8221;{}&#8221;][et_pb_column type=&#8221;4_4&#8243; disabled_on=&#8221;off|off|off&#8221; _builder_version=&#8221;4.27.4&#8243; _module_preset=&#8221;default&#8221; custom_padding=&#8221;50px|4%|0px|4%|false|true&#8221; custom_padding_tablet=&#8221;|20px||20px|false|true&#8221; custom_padding_phone=&#8221;50px|20px|0px|20px|false|true&#8221; custom_padding_last_edited=&#8221;on|phone&#8221; global_colors_info=&#8221;{}&#8221;][et_pb_text _builder_version=&#8221;4.27.4&#8243; _module_preset=&#8221;_initial&#8221; text_letter_spacing=&#8221;1px&#8221; header_2_font_size=&#8221;4vh&#8221; custom_margin=&#8221;|5%|||false|false&#8221; header_2_font_size_tablet=&#8221;&#8221; header_2_font_size_phone=&#8221;4vh&#8221; header_2_font_size_last_edited=&#8221;on|phone&#8221; text_orientation_tablet=&#8221;left&#8221; text_orientation_phone=&#8221;left&#8221; text_orientation_last_edited=&#8221;on|tablet&#8221; locked=&#8221;off&#8221; global_colors_info=&#8221;{}&#8221;]<\/p>\n<p>CONVERTIM LA LOG\u00cdSTICA EN UN AVANTATGE COMPETITIU<\/p>\n<p>[\/et_pb_text][et_pb_text _builder_version=&#8221;4.27.4&#8243; _module_preset=&#8221;_initial&#8221; text_text_color=&#8221;#666666&#8243; header_2_font_size=&#8221;4vh&#8221; custom_margin=&#8221;|5%|||false|false&#8221; header_2_font_size_tablet=&#8221;&#8221; header_2_font_size_phone=&#8221;4vh&#8221; header_2_font_size_last_edited=&#8221;on|phone&#8221; text_orientation_tablet=&#8221;left&#8221; text_orientation_phone=&#8221;left&#8221; text_orientation_last_edited=&#8221;on|tablet&#8221; locked=&#8221;off&#8221; global_colors_info=&#8221;{}&#8221;]<\/p>\n<h2><b>Busqueu un operador fiable per als vostres enviaments nacionals i internacionals?<\/b><\/h2>\n<p>[\/et_pb_text][et_pb_text _builder_version=&#8221;4.27.4&#8243; _module_preset=&#8221;_initial&#8221; header_2_font=&#8221;&#8211;et_global_body_font|700|||||||&#8221; header_2_text_color=&#8221;#00FF29&#8243; header_2_font_size=&#8221;1.2em&#8221; global_colors_info=&#8221;{}&#8221;]<\/p>\n<p><span style=\"font-weight: 400;\">Confieu en una empresa amb experi\u00e8ncia, infraestructura pr\u00f2pia i vocaci\u00f3 de servei.<\/span><span style=\"font-weight: 400;\"><\/span><\/p>\n<p>[\/et_pb_text][et_pb_blurb icon_placement=&#8221;left&#8221; _builder_version=&#8221;4.27.4&#8243; _module_preset=&#8221;default&#8221; header_font_size=&#8221;2vh&#8221; body_text_align=&#8221;center&#8221; background_color=&#8221;#FFFFFF&#8221; width=&#8221;30%&#8221; custom_margin=&#8221;|20px|||false|false&#8221; custom_padding=&#8221;20px||15px||false|false&#8221; header_font_size_last_edited=&#8221;off|desktop&#8221; custom_css_main_element=&#8221;float: left;&#8221; border_radii=&#8221;on|20px|20px|20px|20px&#8221; border_width_all=&#8221;1px&#8221; border_color_all=&#8221;#00FF29&#8243; locked=&#8221;off&#8221; global_colors_info=&#8221;{}&#8221; custom_css_main_element_last_edited=&#8221;on|tablet&#8221; custom_css_main_element_tablet=&#8221;float: none;&#8221; custom_css_main_element_phone=&#8221;float: none;&#8221;]<\/p>\n<p>Rutes estables a Europa<\/p>\n<p>[\/et_pb_blurb][et_pb_blurb icon_placement=&#8221;left&#8221; _builder_version=&#8221;4.27.4&#8243; _module_preset=&#8221;default&#8221; header_font_size=&#8221;2vh&#8221; body_text_align=&#8221;center&#8221; background_color=&#8221;#FFFFFF&#8221; width=&#8221;30%&#8221; custom_margin=&#8221;|20px|||false|false&#8221; custom_padding=&#8221;20px||15px||false|false&#8221; header_font_size_last_edited=&#8221;off|desktop&#8221; custom_css_main_element=&#8221;float: left;&#8221; border_radii=&#8221;on|20px|20px|20px|20px&#8221; border_width_all=&#8221;1px&#8221; border_color_all=&#8221;#00FF29&#8243; locked=&#8221;off&#8221; global_colors_info=&#8221;{}&#8221; custom_css_main_element_last_edited=&#8221;on|tablet&#8221; custom_css_main_element_tablet=&#8221;float: none;&#8221; custom_css_main_element_phone=&#8221;float: none;&#8221;]<\/p>\n<p>Transport refrigerat i general<\/p>\n<p>[\/et_pb_blurb][et_pb_blurb icon_placement=&#8221;left&#8221; _builder_version=&#8221;4.27.4&#8243; _module_preset=&#8221;default&#8221; header_font_size=&#8221;2vh&#8221; body_text_align=&#8221;center&#8221; background_color=&#8221;#FFFFFF&#8221; width=&#8221;30%&#8221; custom_margin=&#8221;|20px|||false|false&#8221; custom_padding=&#8221;20px||15px||false|false&#8221; header_font_size_last_edited=&#8221;off|desktop&#8221; custom_css_main_element=&#8221;float: left;&#8221; border_radii=&#8221;on|20px|20px|20px|20px&#8221; border_width_all=&#8221;1px&#8221; border_color_all=&#8221;#00FF29&#8243; locked=&#8221;off&#8221; global_colors_info=&#8221;{}&#8221; custom_css_main_element_last_edited=&#8221;on|tablet&#8221; custom_css_main_element_tablet=&#8221;float: none;&#8221; custom_css_main_element_phone=&#8221;float: none;&#8221;]<\/p>\n<p>Puntualitat i seguretat en cada c\u00e0rrega<\/p>\n<p>[\/et_pb_blurb][et_pb_button button_url=&#8221;#contacto&#8221; button_text=&#8221;Sol\u00b7liciteu el vostre pressupost sense comprom\u00eds&#8221; button_alignment=&#8221;center&#8221; _builder_version=&#8221;4.27.4&#8243; _module_preset=&#8221;default&#8221; global_colors_info=&#8221;{}&#8221;][\/et_pb_button][\/et_pb_column][\/et_pb_row][\/et_pb_section]<\/p>\n","protected":false},"excerpt":{"rendered":"<p>Serveis Transport nacional i internacional de mercaderiesAdaptem la log\u00edstica al vostre negoci. Rutes flexibles, m\u00e0xima puntualitat. A Almiramar oferim serveis de transport nacional i internacional dissenyats per adaptar-se a les necessitats espec\u00edfiques de cada client. Ja sigui per a c\u00e0rregues completes, mercaderies sensibles o expedicions freq\u00fcents, el nostre comprom\u00eds \u00e9s oferir solucions segures, \u00e0gils i [&hellip;]<\/p>\n","protected":false},"author":1,"featured_media":0,"parent":0,"menu_order":0,"comment_status":"closed","ping_status":"closed","template":"","meta":{"_et_pb_use_builder":"on","_et_pb_old_content":"","_et_gb_content_width":"","footnotes":""},"class_list":["post-1401","page","type-page","status-publish","hentry"],"_links":{"self":[{"href":"https:\/\/almiramar.com\/ca\/wp-json\/wp\/v2\/pages\/1401","targetHints":{"allow":["GET"]}}],"collection":[{"href":"https:\/\/almiramar.com\/ca\/wp-json\/wp\/v2\/pages"}],"about":[{"href":"https:\/\/almiramar.com\/ca\/wp-json\/wp\/v2\/types\/page"}],"author":[{"embeddable":true,"href":"https:\/\/almiramar.com\/ca\/wp-json\/wp\/v2\/users\/1"}],"replies":[{"embeddable":true,"href":"https:\/\/almiramar.com\/ca\/wp-json\/wp\/v2\/comments?post=1401"}],"version-history":[{"count":4,"href":"https:\/\/almiramar.com\/ca\/wp-json\/wp\/v2\/pages\/1401\/revisions"}],"predecessor-version":[{"id":1405,"href":"https:\/\/almiramar.com\/ca\/wp-json\/wp\/v2\/pages\/1401\/revisions\/1405"}],"wp:attachment":[{"href":"https:\/\/almiramar.com\/ca\/wp-json\/wp\/v2\/media?parent=1401"}],"curies":[{"name":"wp","href":"https:\/\/api.w.org\/{rel}","templated":true}]}}