{"id":1335,"date":"2025-10-14T10:40:56","date_gmt":"2025-10-14T08:40:56","guid":{"rendered":"https:\/\/almiramar.com\/stockage-a-sec-et-frigorifique-industriel\/"},"modified":"2025-11-10T18:05:33","modified_gmt":"2025-11-10T17:05:33","slug":"stockage-a-sec-et-frigorifique-industriel","status":"publish","type":"page","link":"https:\/\/almiramar.com\/fr\/stockage-a-sec-et-frigorifique-industriel\/","title":{"rendered":"Stockage \u00e0 sec et frigorifique industriel"},"content":{"rendered":"<p>[et_pb_section fb_built=\u00a0\u00bb1&Prime; _builder_version=\u00a0\u00bb4.27.4&Prime; _module_preset=\u00a0\u00bbdefault\u00a0\u00bb custom_padding=\u00a0\u00bb0px||0px||false|false\u00a0\u00bb locked=\u00a0\u00bboff\u00a0\u00bb global_colors_info=\u00a0\u00bb{}\u00a0\u00bb][et_pb_row column_structure=\u00a0\u00bb1_2,1_2&Prime; use_custom_gutter=\u00a0\u00bbon\u00a0\u00bb make_equal=\u00a0\u00bbon\u00a0\u00bb _builder_version=\u00a0\u00bb4.27.4&Prime; _module_preset=\u00a0\u00bbdefault\u00a0\u00bb background_enable_color=\u00a0\u00bboff\u00a0\u00bb parallax=\u00a0\u00bbon\u00a0\u00bb width=\u00a0\u00bb95%\u00a0\u00bb width_tablet=\u00a0\u00bb90%\u00a0\u00bb width_phone=\u00a0\u00bb90%\u00a0\u00bb width_last_edited=\u00a0\u00bbon|tablet\u00a0\u00bb max_width=\u00a0\u00bb2560px\u00a0\u00bb module_alignment=\u00a0\u00bbright\u00a0\u00bb min_height=\u00a0\u00bb90vh\u00a0\u00bb custom_padding=\u00a0\u00bb0px||0px||false|false\u00a0\u00bb module_alignment_tablet=\u00a0\u00bbcenter\u00a0\u00bb module_alignment_phone=\u00a0\u00bbcenter\u00a0\u00bb module_alignment_last_edited=\u00a0\u00bbon|tablet\u00a0\u00bb global_colors_info=\u00a0\u00bb{}\u00a0\u00bb][et_pb_column type=\u00a0\u00bb1_2&Prime; _builder_version=\u00a0\u00bb4.27.4&Prime; _module_preset=\u00a0\u00bbdefault\u00a0\u00bb custom_padding=\u00a0\u00bb15vh||||false|false\u00a0\u00bb custom_padding_tablet=\u00a0\u00bb10vh||||false|false\u00a0\u00bb custom_padding_phone=\u00a0\u00bb10vh||||false|false\u00a0\u00bb custom_padding_last_edited=\u00a0\u00bbon|tablet\u00a0\u00bb global_colors_info=\u00a0\u00bb{}\u00a0\u00bb][et_pb_text _builder_version=\u00a0\u00bb4.27.4&Prime; _module_preset=\u00a0\u00bb_initial\u00a0\u00bb header_font_size=\u00a0\u00bb5vh\u00a0\u00bb custom_margin=\u00a0\u00bb|5%|||false|false\u00a0\u00bb header_font_size_tablet=\u00a0\u00bb5vh\u00a0\u00bb header_font_size_phone=\u00a0\u00bb4vh\u00a0\u00bb header_font_size_last_edited=\u00a0\u00bbon|phone\u00a0\u00bb text_orientation_tablet=\u00a0\u00bbleft\u00a0\u00bb text_orientation_phone=\u00a0\u00bbleft\u00a0\u00bb text_orientation_last_edited=\u00a0\u00bbon|tablet\u00a0\u00bb global_colors_info=\u00a0\u00bb{}\u00a0\u00bb]<\/p>\n<p>Services<\/p>\n<h1>Stockage \u00e0 sec et frigorifique industriel<\/h1>\n<p>[\/et_pb_text][et_pb_text _builder_version=\u00a0\u00bb4.27.4&Prime; _module_preset=\u00a0\u00bbdefault\u00a0\u00bb global_colors_info=\u00a0\u00bb{}\u00a0\u00bb]<\/p>\n<p><strong>Solutions de stockage int\u00e9grales, aussi bien dans des espaces d\u2019entrep\u00f4t sec que dans des installations frigorifiques industrielles.<\/strong><\/p>\n<p>Notre <strong>stockage \u00e0 sec<\/strong> est orient\u00e9 vers les produits non p\u00e9rissables ou industriels qui n\u00e9cessitent <strong>des espaces s\u00fbrs, vastes et organis\u00e9s, avec contr\u00f4le d\u2019inventaire et tra\u00e7abilit\u00e9 num\u00e9rique.<\/strong> C\u2019est l\u2019option id\u00e9ale pour les entreprises qui ont besoin de garder, de consolider ou de distribuer des marchandises avant leur transport national ou international.<\/p>\n<p>D\u2019autre part, nos <strong>installations frigorifiques industrielles,<\/strong> avec plus de 6\u202f000 m\u00b2 de surface \u00e0 Alcarr\u00e0s (Lleida), sont \u00e9quip\u00e9es de chambres froides positives et n\u00e9gatives qui garantissent les <strong>conditions optimales de conservation pour les produits alimentaires, pharmaceutiques ou sensibles \u00e0 la temp\u00e9rature.<\/strong> Chaque envoi est g\u00e9r\u00e9 sous un contr\u00f4le thermique, de tra\u00e7abilit\u00e9 et de s\u00e9curit\u00e9 strict, assurant que la cha\u00eene du froid soit maintenue \u00e0 tout moment.<\/p>\n<p>Dans les deux cas <strong>\u2014stockage \u00e0 sec ou r\u00e9frig\u00e9r\u00e9\u2014<\/strong>, nous appliquons les m\u00eames normes de qualit\u00e9, de gestion num\u00e9rique et d\u2019attention personnalis\u00e9e qui caract\u00e9risent nos services logistiques, offrant un contr\u00f4le total, une s\u00e9curit\u00e9 maximale et une efficacit\u00e9 op\u00e9rationnelle \u00e0 chaque phase du processus.<\/p>\n<p>[\/et_pb_text][\/et_pb_column][et_pb_column type=\u00a0\u00bb1_2&Prime; _builder_version=\u00a0\u00bb4.27.4&Prime; _module_preset=\u00a0\u00bbdefault\u00a0\u00bb background_color=\u00a0\u00bb#00FF29&Prime; use_background_color_gradient=\u00a0\u00bbon\u00a0\u00bb background_color_gradient_stops=\u00a0\u00bbrgba(0,255,41,0.7) 0%|rgba(0,255,41,0.7) 100%\u00a0\u00bb background_image=\u00a0\u00bbhttps:\/\/almiramar.com\/wp-content\/uploads\/empresa-logistica-almacenaje-seco-frio-industrial.jpg\u00a0\u00bb background_enable_video_mp4=\u00a0\u00bboff\u00a0\u00bb global_colors_info=\u00a0\u00bb{}\u00a0\u00bb background__hover_enabled=\u00a0\u00bboff|hover\u00a0\u00bb background_blend__hover=\u00a0\u00bbmultiply\u00a0\u00bb][et_pb_divider show_divider=\u00a0\u00bboff\u00a0\u00bb _builder_version=\u00a0\u00bb4.27.4&Prime; _module_preset=\u00a0\u00bbdefault\u00a0\u00bb height=\u00a0\u00bb600px\u00a0\u00bb global_colors_info=\u00a0\u00bb{}\u00a0\u00bb][\/et_pb_divider][\/et_pb_column][\/et_pb_row][\/et_pb_section][et_pb_section fb_built=\u00a0\u00bb1&Prime; admin_label=\u00a0\u00bbProject\u00a0\u00bb _builder_version=\u00a0\u00bb4.27.4&Prime; _module_preset=\u00a0\u00bbdefault\u00a0\u00bb background_color=\u00a0\u00bb#F8F8F8&Prime; use_background_color_gradient=\u00a0\u00bbon\u00a0\u00bb background_color_gradient_stops=\u00a0\u00bb#ffffff 0%|rgba(255,255,255,0) 50%|#ffffff 99%\u00a0\u00bb background_color_gradient_overlays_image=\u00a0\u00bbon\u00a0\u00bb background_image=\u00a0\u00bbhttps:\/\/almiramar.com\/wp-content\/uploads\/augmented-reality-background-01@2x.png\u00a0\u00bb parallax=\u00a0\u00bbon\u00a0\u00bb locked=\u00a0\u00bboff\u00a0\u00bb collapsed=\u00a0\u00bbon\u00a0\u00bb global_colors_info=\u00a0\u00bb{}\u00a0\u00bb][et_pb_row _builder_version=\u00a0\u00bb4.27.4&Prime; _module_preset=\u00a0\u00bbdefault\u00a0\u00bb width=\u00a0\u00bb90%\u00a0\u00bb width_tablet=\u00a0\u00bb95%\u00a0\u00bb width_phone=\u00a0\u00bb95%\u00a0\u00bb width_last_edited=\u00a0\u00bbon|tablet\u00a0\u00bb max_width=\u00a0\u00bb2560px\u00a0\u00bb module_alignment=\u00a0\u00bbcenter\u00a0\u00bb global_colors_info=\u00a0\u00bb{}\u00a0\u00bb][et_pb_column type=\u00a0\u00bb4_4&Prime; _builder_version=\u00a0\u00bb4.27.4&Prime; _module_preset=\u00a0\u00bbdefault\u00a0\u00bb global_colors_info=\u00a0\u00bb{}\u00a0\u00bb][et_pb_text _builder_version=\u00a0\u00bb4.27.4&Prime; _module_preset=\u00a0\u00bb_initial\u00a0\u00bb header_2_font=\u00a0\u00bb||||||||\u00a0\u00bb header_2_font_size=\u00a0\u00bb5vh\u00a0\u00bb text_orientation=\u00a0\u00bbcenter\u00a0\u00bb header_2_font_size_tablet=\u00a0\u00bb5vh\u00a0\u00bb header_2_font_size_phone=\u00a0\u00bb4vh\u00a0\u00bb header_2_font_size_last_edited=\u00a0\u00bbon|phone\u00a0\u00bb text_orientation_tablet=\u00a0\u00bbleft\u00a0\u00bb text_orientation_phone=\u00a0\u00bbleft\u00a0\u00bb text_orientation_last_edited=\u00a0\u00bbon|phone\u00a0\u00bb locked=\u00a0\u00bboff\u00a0\u00bb global_colors_info=\u00a0\u00bb{}\u00a0\u00bb]<\/p>\n<p>Solutions adapt\u00e9es \u00e0 chaque type de produit<\/p>\n<h2>Modalit\u00e9s de stockage \u00e0 sec et frigorifique industriel<\/h2>\n<p>[\/et_pb_text][\/et_pb_column][\/et_pb_row][et_pb_row column_structure=\u00a0\u00bb1_4,1_4,1_4,1_4&Prime; _builder_version=\u00a0\u00bb4.27.4&Prime; _module_preset=\u00a0\u00bbdefault\u00a0\u00bb width=\u00a0\u00bb90%\u00a0\u00bb width_tablet=\u00a0\u00bb95%\u00a0\u00bb width_phone=\u00a0\u00bb95%\u00a0\u00bb width_last_edited=\u00a0\u00bbon|tablet\u00a0\u00bb max_width=\u00a0\u00bb2560px\u00a0\u00bb module_alignment=\u00a0\u00bbcenter\u00a0\u00bb global_colors_info=\u00a0\u00bb{}\u00a0\u00bb][et_pb_column type=\u00a0\u00bb1_4&Prime; _builder_version=\u00a0\u00bb4.27.4&Prime; _module_preset=\u00a0\u00bbdefault\u00a0\u00bb global_colors_info=\u00a0\u00bb{}\u00a0\u00bb][et_pb_blurb title=\u00a0\u00bbLogistique int\u00e9gr\u00e9e\u00a0\u00bb use_icon=\u00a0\u00bbon\u00a0\u00bb font_icon=\u00a0\u00bb&#xf2f6;||fa||900&Prime; icon_color=\u00a0\u00bb#000000&Prime; image_icon_width=\u00a0\u00bb3em\u00a0\u00bb content_max_width=\u00a0\u00bb1100px\u00a0\u00bb _builder_version=\u00a0\u00bb4.27.4&Prime; _module_preset=\u00a0\u00bbdefault\u00a0\u00bb header_level=\u00a0\u00bbh3&Prime; header_font=\u00a0\u00bb|300||on|||||\u00a0\u00bb header_text_color=\u00a0\u00bb#000000&Prime; header_font_size=\u00a0\u00bb3vh\u00a0\u00bb text_orientation=\u00a0\u00bbcenter\u00a0\u00bb global_colors_info=\u00a0\u00bb{}\u00a0\u00bb]<\/p>\n<p>Zones de pr\u00e9paration de commandes et de consolidation de chargement, pour les op\u00e9rations logistiques int\u00e9gr\u00e9es.<\/p>\n<p>[\/et_pb_blurb][\/et_pb_column][et_pb_column type=\u00a0\u00bb1_4&Prime; _builder_version=\u00a0\u00bb4.27.4&Prime; _module_preset=\u00a0\u00bbdefault\u00a0\u00bb global_colors_info=\u00a0\u00bb{}\u00a0\u00bb][et_pb_blurb title=\u00a0\u00bbFroid +\/-\u00a0\u00bb use_icon=\u00a0\u00bbon\u00a0\u00bb font_icon=\u00a0\u00bb&#xf2dc;||fa||400&Prime; icon_color=\u00a0\u00bb#000000&Prime; image_icon_width=\u00a0\u00bb3em\u00a0\u00bb content_max_width=\u00a0\u00bb1100px\u00a0\u00bb _builder_version=\u00a0\u00bb4.27.4&Prime; _module_preset=\u00a0\u00bbdefault\u00a0\u00bb header_level=\u00a0\u00bbh3&Prime; header_font=\u00a0\u00bb|300||on|||||\u00a0\u00bb header_text_color=\u00a0\u00bb#000000&Prime; header_font_size=\u00a0\u00bb3vh\u00a0\u00bb text_orientation=\u00a0\u00bbcenter\u00a0\u00bb global_colors_info=\u00a0\u00bb{}\u00a0\u00bb]<\/p>\n<p>Froid positif et n\u00e9gatif, avec contr\u00f4le thermique continu.<\/p>\n<p>[\/et_pb_blurb][\/et_pb_column][et_pb_column type=\u00a0\u00bb1_4&Prime; _builder_version=\u00a0\u00bb4.27.4&Prime; _module_preset=\u00a0\u00bbdefault\u00a0\u00bb global_colors_info=\u00a0\u00bb{}\u00a0\u00bb][et_pb_blurb title=\u00a0\u00bbTemporaire ou \u00e0 long terme\u00a0\u00bb use_icon=\u00a0\u00bbon\u00a0\u00bb font_icon=\u00a0\u00bb&#xe60d;||divi||400&Prime; icon_color=\u00a0\u00bb#000000&Prime; image_icon_width=\u00a0\u00bb3em\u00a0\u00bb content_max_width=\u00a0\u00bb1100px\u00a0\u00bb _builder_version=\u00a0\u00bb4.27.4&Prime; _module_preset=\u00a0\u00bbdefault\u00a0\u00bb header_level=\u00a0\u00bbh3&Prime; header_font=\u00a0\u00bb|300||on|||||\u00a0\u00bb header_text_color=\u00a0\u00bb#000000&Prime; header_font_size=\u00a0\u00bb3vh\u00a0\u00bb text_orientation=\u00a0\u00bbcenter\u00a0\u00bb global_colors_info=\u00a0\u00bb{}\u00a0\u00bb]<\/p>\n<p>Selon les besoins de production ou de saisonnalit\u00e9.<\/p>\n<p>[\/et_pb_blurb][\/et_pb_column][et_pb_column type=\u00a0\u00bb1_4&Prime; _builder_version=\u00a0\u00bb4.27.4&Prime; _module_preset=\u00a0\u00bbdefault\u00a0\u00bb global_colors_info=\u00a0\u00bb{}\u00a0\u00bb][et_pb_blurb title=\u00a0\u00bbGestion num\u00e9rique\u00a0\u00bb use_icon=\u00a0\u00bbon\u00a0\u00bb font_icon=\u00a0\u00bb&#xe007;||divi||400&Prime; icon_color=\u00a0\u00bb#000000&Prime; image_icon_width=\u00a0\u00bb3em\u00a0\u00bb content_max_width=\u00a0\u00bb1100px\u00a0\u00bb _builder_version=\u00a0\u00bb4.27.4&Prime; _module_preset=\u00a0\u00bbdefault\u00a0\u00bb header_level=\u00a0\u00bbh3&Prime; header_font=\u00a0\u00bb|300||on|||||\u00a0\u00bb header_text_color=\u00a0\u00bb#000000&Prime; header_font_size=\u00a0\u00bb3vh\u00a0\u00bb text_orientation=\u00a0\u00bbcenter\u00a0\u00bb global_colors_info=\u00a0\u00bb{}\u00a0\u00bb]<\/p>\n<p>Gestion num\u00e9rique des entr\u00e9es, des sorties et de la tra\u00e7abilit\u00e9 au moyen de syst\u00e8mes ERP et WMS.<\/p>\n<p>[\/et_pb_blurb][\/et_pb_column][\/et_pb_row][\/et_pb_section][et_pb_section fb_built=\u00a0\u00bb1&Prime; _builder_version=\u00a0\u00bb4.27.4&Prime; _module_preset=\u00a0\u00bbdefault\u00a0\u00bb min_height=\u00a0\u00bb100vh\u00a0\u00bb custom_padding=\u00a0\u00bb0px||0px||false|false\u00a0\u00bb global_colors_info=\u00a0\u00bb{}\u00a0\u00bb][et_pb_row column_structure=\u00a0\u00bb1_2,1_2&Prime; use_custom_gutter=\u00a0\u00bbon\u00a0\u00bb make_equal=\u00a0\u00bbon\u00a0\u00bb _builder_version=\u00a0\u00bb4.27.4&Prime; _module_preset=\u00a0\u00bbdefault\u00a0\u00bb width=\u00a0\u00bb95%\u00a0\u00bb width_tablet=\u00a0\u00bb90%\u00a0\u00bb width_phone=\u00a0\u00bb90%\u00a0\u00bb width_last_edited=\u00a0\u00bbon|tablet\u00a0\u00bb max_width=\u00a0\u00bb2560px\u00a0\u00bb module_alignment=\u00a0\u00bbleft\u00a0\u00bb min_height=\u00a0\u00bb100vh\u00a0\u00bb custom_padding=\u00a0\u00bb0px||0px||false|false\u00a0\u00bb module_alignment_tablet=\u00a0\u00bbcenter\u00a0\u00bb module_alignment_phone=\u00a0\u00bbcenter\u00a0\u00bb module_alignment_last_edited=\u00a0\u00bbon|tablet\u00a0\u00bb global_colors_info=\u00a0\u00bb{}\u00a0\u00bb][et_pb_column type=\u00a0\u00bb1_2&Prime; _builder_version=\u00a0\u00bb4.27.4&Prime; _module_preset=\u00a0\u00bbdefault\u00a0\u00bb background_color=\u00a0\u00bbRGBA(0,255,41,0.7)\u00a0\u00bb use_background_color_gradient=\u00a0\u00bbon\u00a0\u00bb background_color_gradient_stops=\u00a0\u00bbrgba(0,255,41,0.7) 0%|rgba(0,255,41,0.7) 100%\u00a0\u00bb background_image=\u00a0\u00bbhttps:\/\/almiramar.com\/wp-content\/uploads\/empresa-logistica-almacenaje-frio-frio-industrial.jpg\u00a0\u00bb parallax=\u00a0\u00bbon\u00a0\u00bb global_colors_info=\u00a0\u00bb{}\u00a0\u00bb background__hover_enabled=\u00a0\u00bboff|hover\u00a0\u00bb background_blend__hover=\u00a0\u00bbmultiply\u00a0\u00bb][et_pb_divider show_divider=\u00a0\u00bboff\u00a0\u00bb _builder_version=\u00a0\u00bb4.27.4&Prime; _module_preset=\u00a0\u00bbdefault\u00a0\u00bb height=\u00a0\u00bb600px\u00a0\u00bb global_colors_info=\u00a0\u00bb{}\u00a0\u00bb][\/et_pb_divider][\/et_pb_column][et_pb_column type=\u00a0\u00bb1_2&Prime; _builder_version=\u00a0\u00bb4.27.4&Prime; _module_preset=\u00a0\u00bbdefault\u00a0\u00bb custom_padding=\u00a0\u00bb100px||100px||true|false\u00a0\u00bb global_colors_info=\u00a0\u00bb{}\u00a0\u00bb][et_pb_text _builder_version=\u00a0\u00bb4.27.4&Prime; _module_preset=\u00a0\u00bb_initial\u00a0\u00bb header_2_font_size=\u00a0\u00bb5vh\u00a0\u00bb header_3_font_size=\u00a0\u00bb5vh\u00a0\u00bb custom_margin=\u00a0\u00bb|5%|||false|false\u00a0\u00bb header_2_font_size_tablet=\u00a0\u00bb5vh\u00a0\u00bb header_2_font_size_phone=\u00a0\u00bb4vh\u00a0\u00bb header_2_font_size_last_edited=\u00a0\u00bbon|phone\u00a0\u00bb header_3_font_size_tablet=\u00a0\u00bb5vh\u00a0\u00bb header_3_font_size_phone=\u00a0\u00bb4vh\u00a0\u00bb header_3_font_size_last_edited=\u00a0\u00bbon|phone\u00a0\u00bb text_orientation_tablet=\u00a0\u00bbleft\u00a0\u00bb text_orientation_phone=\u00a0\u00bbleft\u00a0\u00bb text_orientation_last_edited=\u00a0\u00bbon|tablet\u00a0\u00bb global_colors_info=\u00a0\u00bb{}\u00a0\u00bb]<\/p>\n<p>Pourquoi choisir Almiramar ?<\/p>\n<h2>Int\u00e9gration totale du stockage \u00e0 sec et frigorifique industriel avec le transport<\/h2>\n<p>[\/et_pb_text][et_pb_text _builder_version=\u00a0\u00bb4.27.4&Prime; _module_preset=\u00a0\u00bbdefault\u00a0\u00bb global_colors_info=\u00a0\u00bb{}\u00a0\u00bb]<\/p>\n<p><strong>Chez Almiramar, notre service de stockage va bien au-del\u00e0 de la simple conservation de marchandises.<\/strong><\/p>\n<p>Nous int\u00e9grons aussi bien le stockage \u00e0 sec que le stockage frigorifique industriel au sein d\u2019une <strong>cha\u00eene logistique compl\u00e8te,<\/strong> connect\u00e9e directement \u00e0 nos op\u00e9rations de transport national, international et de groupages quotidiens.<\/p>\n<p>Nos chambres froides industrielles sont con\u00e7ues pour s\u2019int\u00e9grer aux <strong>services de transport r\u00e9frig\u00e9r\u00e9 et de chargements complets (FTL),<\/strong> offrant une continuit\u00e9 et un contr\u00f4le total de la cha\u00eene du froid.<\/p>\n<p>Cette int\u00e9gration nous permet de coordonner les temps, les itin\u00e9raires et les mouvements de mani\u00e8re pr\u00e9cise, r\u00e9duisant les attentes et les manipulations inutiles. Ainsi, chaque client o<strong>btient un flux logistique plus agile, efficace et rentable,<\/strong> avec une tra\u00e7abilit\u00e9 totale depuis la r\u00e9ception du produit jusqu\u2019\u00e0 sa livraison finale.<\/p>\n<p>En r\u00e9sum\u00e9, <strong>un op\u00e9rateur unique, une gestion unifi\u00e9e et la garantie maximale de contr\u00f4le<\/strong> dans toute la cha\u00eene d\u2019approvisionnement.<\/p>\n<p>[\/et_pb_text][\/et_pb_column][\/et_pb_row][\/et_pb_section][et_pb_section fb_built=\u00a0\u00bb1&Prime; admin_label=\u00a0\u00bbProject\u00a0\u00bb _builder_version=\u00a0\u00bb4.27.4&Prime; _module_preset=\u00a0\u00bbdefault\u00a0\u00bb locked=\u00a0\u00bboff\u00a0\u00bb collapsed=\u00a0\u00bbon\u00a0\u00bb global_colors_info=\u00a0\u00bb{}\u00a0\u00bb][et_pb_row _builder_version=\u00a0\u00bb4.27.4&Prime; _module_preset=\u00a0\u00bbdefault\u00a0\u00bb background_color=\u00a0\u00bb#F8F8F8&Prime; background_image=\u00a0\u00bbhttps:\/\/almiramar.com\/wp-content\/uploads\/augmented-reality-illustration-test.png\u00a0\u00bb background_size=\u00a0\u00bbinitial\u00a0\u00bb background_position=\u00a0\u00bbtop_center\u00a0\u00bb width=\u00a0\u00bb90%\u00a0\u00bb max_width=\u00a0\u00bb2560px\u00a0\u00bb border_radii=\u00a0\u00bboff|20px|20px|20px|20px\u00a0\u00bb border_width_all=\u00a0\u00bb1px\u00a0\u00bb border_color_all=\u00a0\u00bb#F5F5F5&Prime; box_shadow_style=\u00a0\u00bbpreset3&Prime; box_shadow_color=\u00a0\u00bbrgba(0,0,0,0.2)\u00a0\u00bb locked=\u00a0\u00bboff\u00a0\u00bb global_colors_info=\u00a0\u00bb{}\u00a0\u00bb][et_pb_column type=\u00a0\u00bb4_4&Prime; disabled_on=\u00a0\u00bboff|off|off\u00a0\u00bb _builder_version=\u00a0\u00bb4.27.4&Prime; _module_preset=\u00a0\u00bbdefault\u00a0\u00bb custom_padding=\u00a0\u00bb50px|4%|0px|4%|false|true\u00a0\u00bb custom_padding_tablet=\u00a0\u00bb|20px||20px|false|true\u00a0\u00bb custom_padding_phone=\u00a0\u00bb50px|20px|0px|20px|false|true\u00a0\u00bb custom_padding_last_edited=\u00a0\u00bbon|phone\u00a0\u00bb global_colors_info=\u00a0\u00bb{}\u00a0\u00bb][et_pb_text _builder_version=\u00a0\u00bb4.27.4&Prime; _module_preset=\u00a0\u00bb_initial\u00a0\u00bb text_letter_spacing=\u00a0\u00bb1px\u00a0\u00bb header_2_font_size=\u00a0\u00bb4vh\u00a0\u00bb custom_margin=\u00a0\u00bb|5%|||false|false\u00a0\u00bb header_2_font_size_tablet=\u00a0\u00bb\u00a0\u00bb header_2_font_size_phone=\u00a0\u00bb4vh\u00a0\u00bb header_2_font_size_last_edited=\u00a0\u00bbon|phone\u00a0\u00bb text_orientation_tablet=\u00a0\u00bbleft\u00a0\u00bb text_orientation_phone=\u00a0\u00bbleft\u00a0\u00bb text_orientation_last_edited=\u00a0\u00bbon|tablet\u00a0\u00bb locked=\u00a0\u00bboff\u00a0\u00bb global_colors_info=\u00a0\u00bb{}\u00a0\u00bb]<\/p>\n<p>CONTR\u00d4LE ET S\u00c9CURIT\u00c9 \u00c0 TOUTES LES PHASES DU SERVICE<\/p>\n<p>[\/et_pb_text][et_pb_text _builder_version=\u00a0\u00bb4.27.4&Prime; _module_preset=\u00a0\u00bb_initial\u00a0\u00bb text_text_color=\u00a0\u00bb#666666&Prime; header_2_font_size=\u00a0\u00bb4vh\u00a0\u00bb custom_margin=\u00a0\u00bb|5%|||false|false\u00a0\u00bb header_2_font_size_tablet=\u00a0\u00bb\u00a0\u00bb header_2_font_size_phone=\u00a0\u00bb4vh\u00a0\u00bb header_2_font_size_last_edited=\u00a0\u00bbon|phone\u00a0\u00bb text_orientation_tablet=\u00a0\u00bbleft\u00a0\u00bb text_orientation_phone=\u00a0\u00bbleft\u00a0\u00bb text_orientation_last_edited=\u00a0\u00bbon|tablet\u00a0\u00bb locked=\u00a0\u00bboff\u00a0\u00bb global_colors_info=\u00a0\u00bb{}\u00a0\u00bb]<\/p>\n<h2>Confiez votre marchandise \u00e0 un op\u00e9rateur logistique int\u00e9gral<\/h2>\n<p>[\/et_pb_text][et_pb_text _builder_version=\u00a0\u00bb4.27.4&Prime; _module_preset=\u00a0\u00bb_initial\u00a0\u00bb header_2_font=\u00a0\u00bb&#8211;et_global_body_font|700|||||||\u00a0\u00bb header_2_text_color=\u00a0\u00bb#00FF29&Prime; header_2_font_size=\u00a0\u00bb1.2em\u00a0\u00bb global_colors_info=\u00a0\u00bb{}\u00a0\u00bb]<\/p>\n<p>Nous stockons, conservons et g\u00e9rons vos produits avec le m\u00eame engagement que celui avec lequel nous les transportons&nbsp;: <strong>s\u00e9curit\u00e9, ponctualit\u00e9 et contr\u00f4le.<\/strong><\/p>\n<p>[\/et_pb_text][et_pb_blurb icon_placement=\u00a0\u00bbleft\u00a0\u00bb admin_label=\u00a0\u00bbAnuncio\u00a0\u00bb _builder_version=\u00a0\u00bb4.27.4&Prime; _module_preset=\u00a0\u00bbdefault\u00a0\u00bb header_font_size=\u00a0\u00bb2vh\u00a0\u00bb body_text_align=\u00a0\u00bbcenter\u00a0\u00bb background_color=\u00a0\u00bb#FFFFFF\u00a0\u00bb width=\u00a0\u00bb30%\u00a0\u00bb custom_margin=\u00a0\u00bb|20px|||false|false\u00a0\u00bb custom_padding=\u00a0\u00bb20px||15px||false|false\u00a0\u00bb header_font_size_last_edited=\u00a0\u00bboff|desktop\u00a0\u00bb custom_css_main_element=\u00a0\u00bbfloat: left;\u00a0\u00bb border_radii=\u00a0\u00bbon|20px|20px|20px|20px\u00a0\u00bb border_width_all=\u00a0\u00bb1px\u00a0\u00bb border_color_all=\u00a0\u00bb#00FF29&Prime; locked=\u00a0\u00bboff\u00a0\u00bb global_colors_info=\u00a0\u00bb{}\u00a0\u00bb custom_css_main_element_last_edited=\u00a0\u00bbon|tablet\u00a0\u00bb custom_css_main_element_tablet=\u00a0\u00bbfloat: none;\u00a0\u00bb custom_css_main_element_phone=\u00a0\u00bbfloat: none;\u00a0\u00bb]<\/p>\n<p>Cha\u00eene du froid 100&nbsp;% s\u00e9curis\u00e9e<\/p>\n<p>[\/et_pb_blurb][et_pb_blurb icon_placement=\u00a0\u00bbleft\u00a0\u00bb admin_label=\u00a0\u00bbAnuncio\u00a0\u00bb _builder_version=\u00a0\u00bb4.27.4&Prime; _module_preset=\u00a0\u00bbdefault\u00a0\u00bb header_font_size=\u00a0\u00bb2vh\u00a0\u00bb body_text_align=\u00a0\u00bbcenter\u00a0\u00bb background_color=\u00a0\u00bb#FFFFFF\u00a0\u00bb width=\u00a0\u00bb30%\u00a0\u00bb custom_margin=\u00a0\u00bb|20px|||false|false\u00a0\u00bb custom_padding=\u00a0\u00bb20px||15px||false|false\u00a0\u00bb header_font_size_last_edited=\u00a0\u00bboff|desktop\u00a0\u00bb custom_css_main_element=\u00a0\u00bbfloat: left;\u00a0\u00bb border_radii=\u00a0\u00bbon|20px|20px|20px|20px\u00a0\u00bb border_width_all=\u00a0\u00bb1px\u00a0\u00bb border_color_all=\u00a0\u00bb#00FF29&Prime; locked=\u00a0\u00bboff\u00a0\u00bb global_colors_info=\u00a0\u00bb{}\u00a0\u00bb custom_css_main_element_last_edited=\u00a0\u00bbon|tablet\u00a0\u00bb custom_css_main_element_tablet=\u00a0\u00bbfloat: none;\u00a0\u00bb custom_css_main_element_phone=\u00a0\u00bbfloat: none;\u00a0\u00bb]<\/p>\n<p>6\u202f000 <span>m\u00b2<\/span> de stockage<\/p>\n<p>[\/et_pb_blurb][et_pb_blurb icon_placement=\u00a0\u00bbleft\u00a0\u00bb _builder_version=\u00a0\u00bb4.27.4&Prime; _module_preset=\u00a0\u00bbdefault\u00a0\u00bb header_font_size=\u00a0\u00bb2vh\u00a0\u00bb body_text_align=\u00a0\u00bbcenter\u00a0\u00bb background_color=\u00a0\u00bb#FFFFFF\u00a0\u00bb width=\u00a0\u00bb30%\u00a0\u00bb custom_margin=\u00a0\u00bb|20px|||false|false\u00a0\u00bb custom_padding=\u00a0\u00bb20px||15px||false|false\u00a0\u00bb header_font_size_last_edited=\u00a0\u00bboff|desktop\u00a0\u00bb custom_css_main_element=\u00a0\u00bbfloat: left;\u00a0\u00bb border_radii=\u00a0\u00bbon|20px|20px|20px|20px\u00a0\u00bb border_width_all=\u00a0\u00bb1px\u00a0\u00bb border_color_all=\u00a0\u00bb#00FF29&Prime; locked=\u00a0\u00bboff\u00a0\u00bb global_colors_info=\u00a0\u00bb{}\u00a0\u00bb custom_css_main_element_last_edited=\u00a0\u00bbon|tablet\u00a0\u00bb custom_css_main_element_tablet=\u00a0\u00bbfloat: none;\u00a0\u00bb custom_css_main_element_phone=\u00a0\u00bbfloat: none;\u00a0\u00bb]<\/p>\n<p>Garde et tra\u00e7abilit\u00e9 \u00e0 tout moment<\/p>\n<p>[\/et_pb_blurb][et_pb_button button_url=\u00a0\u00bb#contacto\u00a0\u00bb button_text=\u00a0\u00bbDemandez votre devis sans engagement\u00a0\u00bb button_alignment=\u00a0\u00bbcenter\u00a0\u00bb _builder_version=\u00a0\u00bb4.27.4&Prime; _module_preset=\u00a0\u00bbdefault\u00a0\u00bb global_colors_info=\u00a0\u00bb{}\u00a0\u00bb][\/et_pb_button][\/et_pb_column][\/et_pb_row][\/et_pb_section]<\/p>\n","protected":false},"excerpt":{"rendered":"<p>Services Stockage \u00e0 sec et frigorifique industrielSolutions de stockage int\u00e9grales, aussi bien dans des espaces d\u2019entrep\u00f4t sec que dans des installations frigorifiques industrielles. Notre stockage \u00e0 sec est orient\u00e9 vers les produits non p\u00e9rissables ou industriels qui n\u00e9cessitent des espaces s\u00fbrs, vastes et organis\u00e9s, avec contr\u00f4le d\u2019inventaire et tra\u00e7abilit\u00e9 num\u00e9rique. C\u2019est l\u2019option id\u00e9ale pour les [&hellip;]<\/p>\n","protected":false},"author":2,"featured_media":0,"parent":0,"menu_order":0,"comment_status":"closed","ping_status":"closed","template":"","meta":{"_et_pb_use_builder":"on","_et_pb_old_content":"","_et_gb_content_width":"","footnotes":""},"class_list":["post-1335","page","type-page","status-publish","hentry"],"_links":{"self":[{"href":"https:\/\/almiramar.com\/fr\/wp-json\/wp\/v2\/pages\/1335","targetHints":{"allow":["GET"]}}],"collection":[{"href":"https:\/\/almiramar.com\/fr\/wp-json\/wp\/v2\/pages"}],"about":[{"href":"https:\/\/almiramar.com\/fr\/wp-json\/wp\/v2\/types\/page"}],"author":[{"embeddable":true,"href":"https:\/\/almiramar.com\/fr\/wp-json\/wp\/v2\/users\/2"}],"replies":[{"embeddable":true,"href":"https:\/\/almiramar.com\/fr\/wp-json\/wp\/v2\/comments?post=1335"}],"version-history":[{"count":1,"href":"https:\/\/almiramar.com\/fr\/wp-json\/wp\/v2\/pages\/1335\/revisions"}],"predecessor-version":[{"id":1342,"href":"https:\/\/almiramar.com\/fr\/wp-json\/wp\/v2\/pages\/1335\/revisions\/1342"}],"wp:attachment":[{"href":"https:\/\/almiramar.com\/fr\/wp-json\/wp\/v2\/media?parent=1335"}],"curies":[{"name":"wp","href":"https:\/\/api.w.org\/{rel}","templated":true}]}}